{"id":713,"date":"2016-10-11T12:13:49","date_gmt":"2016-10-11T10:13:49","guid":{"rendered":"http:\/\/www.apeg.eu\/de\/?page_id=713"},"modified":"2024-11-13T21:48:43","modified_gmt":"2024-11-13T20:48:43","slug":"einschreibung-in-die-deutsche-abteilung","status":"publish","type":"page","link":"https:\/\/www.apeg.eu\/de\/einschreibung-in-die-deutsche-abteilung\/","title":{"rendered":"Einschreibung in die deutsche Abteilung"},"content":{"rendered":"<p>[et_pb_section fb_built=&#8220;1&#8243; inner_shadow=&#8220;on&#8220; fullwidth=&#8220;on&#8220; custom_padding_last_edited=&#8220;on|desktop&#8220; _builder_version=&#8220;4.16&#8243; background_color=&#8220;#ffffff&#8220; custom_padding_tablet=&#8220;50px|0|50px|0&#8243; custom_padding_phone=&#8220;&#8220; transparent_background=&#8220;off&#8220; padding_mobile=&#8220;off&#8220; global_colors_info=&#8220;{}&#8220;][et_pb_fullwidth_slider _builder_version=&#8220;4.16&#8243; custom_margin=&#8220;||-15px|||&#8220; custom_padding=&#8220;174px||132px|||&#8220; custom_padding_tablet=&#8220;|||&#8220; custom_padding_phone=&#8220;|||&#8220; box_shadow_style=&#8220;preset6&#8243; box_shadow_blur=&#8220;10px&#8220; box_shadow_color=&#8220;rgba(0,0,0,0.1)&#8220; remove_inner_shadow=&#8220;off&#8220; hide_content_on_mobile=&#8220;off&#8220; hide_cta_on_mobile=&#8220;off&#8220; show_inner_shadow=&#8220;on&#8220; global_colors_info=&#8220;{}&#8220; button_text_size__hover_enabled=&#8220;off&#8220; button_one_text_size__hover_enabled=&#8220;off&#8220; button_two_text_size__hover_enabled=&#8220;off&#8220; button_text_color__hover_enabled=&#8220;off&#8220; button_one_text_color__hover_enabled=&#8220;off&#8220; button_two_text_color__hover_enabled=&#8220;off&#8220; button_border_width__hover_enabled=&#8220;off&#8220; button_one_border_width__hover_enabled=&#8220;off&#8220; button_two_border_width__hover_enabled=&#8220;off&#8220; button_border_color__hover_enabled=&#8220;off&#8220; button_one_border_color__hover_enabled=&#8220;off&#8220; button_two_border_color__hover_enabled=&#8220;off&#8220; button_border_radius__hover_enabled=&#8220;off&#8220; button_one_border_radius__hover_enabled=&#8220;off&#8220; button_two_border_radius__hover_enabled=&#8220;off&#8220; button_letter_spacing__hover_enabled=&#8220;off&#8220; button_one_letter_spacing__hover_enabled=&#8220;off&#8220; button_two_letter_spacing__hover_enabled=&#8220;off&#8220; button_bg_color__hover_enabled=&#8220;off&#8220; button_one_bg_color__hover_enabled=&#8220;off&#8220; button_two_bg_color__hover_enabled=&#8220;off&#8220;][et_pb_slide heading=&#8220;Aufnahmemodalit\u00e4ten&#8220; use_bg_overlay=&#8220;off&#8220; use_text_overlay=&#8220;off&#8220; _builder_version=&#8220;4.16&#8243; header_font=&#8220;||||&#8220; body_font=&#8220;||||&#8220; background_color=&#8220;#ffffff&#8220; background_image=&#8220;https:\/\/www.apeg.eu\/wp-content\/uploads\/2016\/07\/apeg-fond-1.jpg&#8220; button_icon_placement=&#8220;right&#8220; button_on_hover=&#8220;on&#8220; background_layout=&#8220;light&#8220; global_colors_info=&#8220;{}&#8220; button_text_size__hover_enabled=&#8220;off&#8220; button_one_text_size__hover_enabled=&#8220;off&#8220; button_two_text_size__hover_enabled=&#8220;off&#8220; button_text_color__hover_enabled=&#8220;off&#8220; button_one_text_color__hover_enabled=&#8220;off&#8220; button_two_text_color__hover_enabled=&#8220;off&#8220; button_border_width__hover_enabled=&#8220;off&#8220; button_one_border_width__hover_enabled=&#8220;off&#8220; button_two_border_width__hover_enabled=&#8220;off&#8220; button_border_color__hover_enabled=&#8220;off&#8220; button_one_border_color__hover_enabled=&#8220;off&#8220; button_two_border_color__hover_enabled=&#8220;off&#8220; button_border_radius__hover_enabled=&#8220;off&#8220; button_one_border_radius__hover_enabled=&#8220;off&#8220; button_two_border_radius__hover_enabled=&#8220;off&#8220; button_letter_spacing__hover_enabled=&#8220;off&#8220; button_one_letter_spacing__hover_enabled=&#8220;off&#8220; button_two_letter_spacing__hover_enabled=&#8220;off&#8220; button_bg_color__hover_enabled=&#8220;off&#8220; button_one_bg_color__hover_enabled=&#8220;off&#8220; button_two_bg_color__hover_enabled=&#8220;off&#8220; sticky_transition=&#8220;on&#8220;]Einschreibung in die Grundschule &amp; Mittel- und Oberstufe \u00a0 \u00a0 \u00a0 [\/et_pb_slide][\/et_pb_fullwidth_slider][\/et_pb_section][et_pb_section fb_built=&#8220;1&#8243; _builder_version=&#8220;4.20.2&#8243; _module_preset=&#8220;default&#8220; custom_padding=&#8220;||5px|||&#8220; global_colors_info=&#8220;{}&#8220;][et_pb_row _builder_version=&#8220;4.20.2&#8243; _module_preset=&#8220;default&#8220; global_colors_info=&#8220;{}&#8220;][et_pb_column type=&#8220;4_4&#8243; _builder_version=&#8220;4.20.2&#8243; _module_preset=&#8220;default&#8220; global_colors_info=&#8220;{}&#8220;][et_pb_text _builder_version=&#8220;4.24.0&#8243; _module_preset=&#8220;default&#8220; text_font=&#8220;|700||||on|||&#8220; text_text_color=&#8220;#0C71C3&#8243; text_font_size=&#8220;20px&#8220; header_text_color=&#8220;#0C71C3&#8243; header_2_text_color=&#8220;#0C71C3&#8243; global_colors_info=&#8220;{}&#8220;]<\/p>\n<h1 style=\"text-align: center;\"><span style=\"color: #3366ff;\">Allgemeine Informationen<\/span><\/h1>\n<p>[\/et_pb_text][\/et_pb_column][\/et_pb_row][\/et_pb_section][et_pb_section fb_built=&#8220;1&#8243; _builder_version=&#8220;4.23.1&#8243; _module_preset=&#8220;default&#8220; custom_padding=&#8220;4px||3px|||&#8220; global_colors_info=&#8220;{}&#8220;][et_pb_row _builder_version=&#8220;4.23.1&#8243; _module_preset=&#8220;default&#8220; custom_padding=&#8220;|3px||||&#8220; global_colors_info=&#8220;{}&#8220;][et_pb_column type=&#8220;4_4&#8243; _builder_version=&#8220;4.23.1&#8243; _module_preset=&#8220;default&#8220; global_colors_info=&#8220;{}&#8220;][et_pb_text _builder_version=&#8220;4.23.4&#8243; _module_preset=&#8220;default&#8220; width=&#8220;96.5%&#8220; custom_padding=&#8220;|||33px||&#8220; global_colors_info=&#8220;{}&#8220;]<\/p>\n<p>Liebe Eltern, Sie finden im folgenden einen Leitfaden zur Einschreibung in die internationale Abteilung f\u00fcr die Region Valbonne &#8211; Sophia-Antipolis (Grundschule Sartoux und das CIV).<\/p>\n<p><span style=\"color: #e02b20;\"><strong>Bitte beachten Sie,<\/strong> <\/span>dass die <span style=\"color: #e02b20;\"><strong>Einschreibung<\/strong><\/span> nicht \u00fcber die Schule oder die APEG erfolgt. Dies kann <span style=\"color: #e02b20;\"><strong>einzig und allein \u00fcber die Academie Nice durch die Eltern<\/strong><\/span> erfolgen. Entsprechende Verlinkungen finden Sie hier auf dieser Seite.<\/p>\n<p>Der Prozess selbst bleibt jedes Jahr nahezu gleich &#8211; die Termine werden von der Academie allerdings kurzfristig vor Beginn des Prozesses bekanntgegeben (i.d.R. im November).<\/p>\n<p>Sollten Sie Kinder sowohl f\u00fcr die Grundschule als auch das Coll\u00e8ge anmelden wollen, beachten Sie bitte, dass es sich hier um zwei Verfahren handelt, die abweichende Termine haben.<\/p>\n<p>[\/et_pb_text][\/et_pb_column][\/et_pb_row][et_pb_row _builder_version=&#8220;4.23.1&#8243; _module_preset=&#8220;default&#8220; global_colors_info=&#8220;{}&#8220;][et_pb_column type=&#8220;4_4&#8243; _builder_version=&#8220;4.23.1&#8243; _module_preset=&#8220;default&#8220; global_colors_info=&#8220;{}&#8220;][et_pb_image src=&#8220;https:\/\/www.apeg.eu\/wp-content\/uploads\/2023\/12\/Ablauf-Anmeldung-CIV_Sartoux-1.png&#8220; title_text=&#8220;Ablauf Anmeldung CIV_Sartoux&#8220; _builder_version=&#8220;4.23.1&#8243; _module_preset=&#8220;default&#8220; background_color=&#8220;#FFFFFF&#8220; background_image=&#8220;https:\/\/www.apeg.eu\/wp-content\/uploads\/2023\/12\/Ablauf-Anmeldung-CIV_Sartoux-1.png&#8220; global_colors_info=&#8220;{}&#8220;][\/et_pb_image][et_pb_text _builder_version=&#8220;4.24.0&#8243; _module_preset=&#8220;default&#8220; global_colors_info=&#8220;{}&#8220;]<\/p>\n<p>&nbsp;<\/p>\n<p>Eine <span style=\"color: #ff0000;\"><strong><em>zwingende Voraussetzung<\/em><\/strong><\/span> f\u00fcr die Aufnahme in die Deutsche Abteilung der <span style=\"color: #ff0000;\"><strong>Grundschule Sartoux<\/strong><\/span> ist, dass die Familie <span style=\"color: #ff0000;\"><strong><em>im \u201eCASA\u201c<\/em> * wohnhaft<\/strong><\/span> ist oder in einer anderen Gemeinde, mit der eine Ausnahmeregelung besteht. Die entsprechenden Belege m\u00fcssen bei der Einschreibung vorgelegt werden. Der Aufnahmeantrag kann auf der Webseite der Schulbeh\u00f6rde heruntergeladen werden.<\/p>\n<p>&nbsp;<\/p>\n<p><span style=\"color: #999999;\"><em><span style=\"color: #ff0000;\"><strong>* CASA<\/strong> <\/span>= \u201eCommunaut\u00e9 d\u2019Agglom\u00e9ration Sophia Antipolis\u201c = Gemeindeverbund Sophia Antipolis; dazu geh\u00f6ren die Gemeinden : Antibes \/ Juan les Pins, Bar sur Loup, Biot, Courmes, Caussols, La Colle sur Loup, Gourdon, Opio, Roquefort les Pins, Le Rouret, St Paul, Tourettes, Valbonne, Vallauris \/ Golfe Juan, Villeneuve Loubet. Nur wenn das jeweilige B\u00fcrgermeisteramt eine Ausnahmeregelung zur \u00dcbernahme der Schulkosten getroffen hat, kann ein Kind in der Grundschule Sartoux eingeschrieben werden.<\/em><\/span><\/p>\n<p>[\/et_pb_text][et_pb_text _builder_version=&#8220;4.27.3&#8243; _module_preset=&#8220;default&#8220; text_font=&#8220;|700||||on|||&#8220; text_font_size=&#8220;29px&#8220; text_line_height=&#8220;1.8em&#8220; text_orientation=&#8220;center&#8220; custom_margin=&#8220;||-10px|||&#8220; custom_padding=&#8220;43px|||||&#8220; global_colors_info=&#8220;{}&#8220;]<\/p>\n<p style=\"text-align: center;\">Einschreibung f\u00fcr das Schuljahr 2025\/26<\/p>\n<p style=\"text-align: center;\">[\/et_pb_text][et_pb_text _builder_version=&#8220;4.27.3&#8243; _module_preset=&#8220;default&#8220; text_font=&#8220;|700||||on|||&#8220; text_text_color=&#8220;#E02B20&#8243; text_font_size=&#8220;29px&#8220; text_orientation=&#8220;center&#8220; global_colors_info=&#8220;{}&#8220;]<\/p>\n<p>Grundschule<\/p>\n<p>[\/et_pb_text][\/et_pb_column][\/et_pb_row][et_pb_row _builder_version=&#8220;4.27.3&#8243; _module_preset=&#8220;default&#8220; global_colors_info=&#8220;{}&#8220;][et_pb_column type=&#8220;4_4&#8243; _builder_version=&#8220;4.27.3&#8243; _module_preset=&#8220;default&#8220; global_colors_info=&#8220;{}&#8220;][et_pb_text _builder_version=&#8220;4.27.3&#8243; _module_preset=&#8220;default&#8220; global_colors_info=&#8220;{}&#8220;]<\/p>\n<p><span style=\"color: #000000;\">\n<table id=\"tablepress-9\" class=\"tablepress tablepress-id-9\">\n<thead>\n<tr class=\"row-1\">\n\t<th class=\"column-1\">Schritt<\/th><th class=\"column-2\">Inhalt<\/th><th class=\"column-3\">Termin<\/th>\n<\/tr>\n<\/thead>\n<tbody class=\"row-striping row-hover\">\n<tr class=\"row-2\">\n\t<td class=\"column-1\">1<\/td><td class=\"column-2\">Info-Veranstaltung<\/td><td class=\"column-3\">Donnerstag, den 5. Dezember 2024, 18 Uhr, online<br \/>\n<a href=\"https:\/\/visio-agents.education.fr\/meeting\/signin\/invite\/379977\/creator\/35699\/hash\/346bfb2e8d827ca0d1e38c36101707100e909abc\">Link zur Info-Veranstaltung der Academie Nice<\/a><\/td>\n<\/tr>\n<tr class=\"row-3\">\n\t<td class=\"column-1\">2<\/td><td class=\"column-2\">Anmeldung<\/td><td class=\"column-3\">Vom 2. Dezember 2024 bis 2. Februar 2025 (23:00 Uhr)<\/td>\n<\/tr>\n<tr class=\"row-4\">\n\t<td class=\"column-1\">3<\/td><td class=\"column-2\">Einschreibeunterlagen<\/td><td class=\"column-3\">Die Einschreibung erfolgt online unter folgendem Link: <br \/>\n<a href=\"https:\/\/bv.ac-nice.fr\/isi1d\/famille\/\">ISI1D - Acad\u00e9mie Nice Einschreibung Grundschule<\/a><\/td>\n<\/tr>\n<tr class=\"row-5\">\n\t<td class=\"column-1\">4<\/td><td class=\"column-2\">Einladung zum Test<\/td><td class=\"column-3\">Nach Pr\u00fcfung Ihrer Anmeldeunterlagen erhalten Sie ab dem 7. Februar per Email die Einladung zum Test<\/td>\n<\/tr>\n<tr class=\"row-6\">\n\t<td class=\"column-1\">5<\/td><td class=\"column-2\">Test<\/td><td class=\"column-3\">Mittwoch, den 12. M\u00e4rz 2025 (die Uhrzeit erfahren Sie mit der Einladung); Ort: Grundschule Sartoux<\/td>\n<\/tr>\n<tr class=\"row-7\">\n\t<td class=\"column-1\">6<\/td><td class=\"column-2\">Testergebnisse<\/td><td class=\"column-3\">Benachrichtigung \u00fcber die Testergebnisse per Email ab dem 1. April, die Testergebnisse sind ebenfalls online abrufbar<\/td>\n<\/tr>\n<tr class=\"row-8\">\n\t<td class=\"column-1\">7<\/td><td class=\"column-2\">Einschreibung Sartoux<\/td><td class=\"column-3\">Die formale Einschreibung in der Schule findet vom 1. April bis 8. Mai statt<br \/>\n(ab 19. Mai 2025 werden die Wartelistenpl\u00e4tze vergeben)<\/td>\n<\/tr>\n<\/tbody>\n<\/table>\n<!-- #tablepress-9 from cache --><\/span><\/p>\n<p>[\/et_pb_text][et_pb_button button_url=&#8220;https:\/\/www.apeg.eu\/wp-content\/uploads\/2024\/11\/calendrier-et-faq_sections-internationales_2025_ecole-primaire_ac-nice.pdf&#8220; button_text=&#8220;Acad\u00e9mie Nice &#8211; Termine, FAQs (franz\u00f6sisch)&#8220; button_alignment=&#8220;center&#8220; _builder_version=&#8220;4.27.3&#8243; _module_preset=&#8220;default&#8220; custom_button=&#8220;on&#8220; button_text_color=&#8220;#FFFFFF&#8220; button_bg_color=&#8220;#E09900&#8243; button_border_radius=&#8220;7px&#8220; background_layout=&#8220;dark&#8220; global_colors_info=&#8220;{}&#8220;][\/et_pb_button][\/et_pb_column][\/et_pb_row][et_pb_row _builder_version=&#8220;4.27.3&#8243; _module_preset=&#8220;default&#8220;][et_pb_column _builder_version=&#8220;4.27.3&#8243; _module_preset=&#8220;default&#8220; type=&#8220;4_4&#8243;][et_pb_text _builder_version=&#8220;4.27.3&#8243; _module_preset=&#8220;default&#8220; text_font=&#8220;|700||||on|||&#8220; text_font_size=&#8220;29px&#8220; text_orientation=&#8220;center&#8220; hover_enabled=&#8220;0&#8243; sticky_enabled=&#8220;0&#8243;]<\/p>\n<p>Einschreibung f\u00fcr das Schuljahr 2025\/26<\/p>\n<p>[\/et_pb_text][et_pb_text _builder_version=&#8220;4.27.3&#8243; _module_preset=&#8220;default&#8220; text_font=&#8220;|700||||on|||&#8220; text_text_color=&#8220;#E02B20&#8243; text_font_size=&#8220;29px&#8220; text_orientation=&#8220;center&#8220; hover_enabled=&#8220;0&#8243; sticky_enabled=&#8220;0&#8243;]<\/p>\n<p>Coll\u00e8ge<\/p>\n<p>[\/et_pb_text][et_pb_text _builder_version=&#8220;4.27.3&#8243; _module_preset=&#8220;default&#8220; text_font=&#8220;|600||||on|||&#8220; text_font_size=&#8220;18px&#8220; text_text_color=&#8220;#474747&#8243; text_orientation=&#8220;center&#8220; text_line_height=&#8220;1.4em&#8220; hover_enabled=&#8220;0&#8243; sticky_enabled=&#8220;0&#8243;]<\/p>\n<p>&nbsp;<\/p>\n<p>&nbsp;<\/p>\n<p>Die Informationsveranstaltung findet am 28. November, 18 Uhr 2024 online statt.<\/p>\n<p>[\/et_pb_text][et_pb_button button_text=&#8220;Info Acad\u00e9mie Nice&#8220; _builder_version=&#8220;4.27.3&#8243; _module_preset=&#8220;default&#8220; custom_button=&#8220;on&#8220; button_text_color=&#8220;#FFFFFF&#8220; button_bg_color=&#8220;#E09900&#8243; button_bg_enable_color=&#8220;on&#8220; button_border_width=&#8220;2px&#8220; button_border_radius=&#8220;7px&#8220; button_font=&#8220;|600|||||||&#8220; button_url=&#8220;https:\/\/bv.ac-nice.fr\/isi2d\/famille\/&#8220; hover_enabled=&#8220;0&#8243; sticky_enabled=&#8220;0&#8243; button_alignment=&#8220;center&#8220;][\/et_pb_button][\/et_pb_column][\/et_pb_row][et_pb_row disabled_on=&#8220;on|on|on&#8220; _builder_version=&#8220;4.23.1&#8243; _module_preset=&#8220;default&#8220; disabled=&#8220;on&#8220; global_colors_info=&#8220;{}&#8220; custom_margin=&#8220;61px|auto||auto||&#8220;][et_pb_column type=&#8220;4_4&#8243; _builder_version=&#8220;4.23.1&#8243; _module_preset=&#8220;default&#8220; global_colors_info=&#8220;{}&#8220;][et_pb_text _builder_version=&#8220;4.24.0&#8243; _module_preset=&#8220;default&#8220; global_colors_info=&#8220;{}&#8220;]<\/p>\n<h3><strong><span style=\"color: #ff0000;\">Coll\u00e8ge<\/span><\/strong><\/h3>\n\n<table id=\"tablepress-10\" class=\"tablepress tablepress-id-10\">\n<thead>\n<tr class=\"row-1\">\n\t<th class=\"column-1\">Schritt<\/th><th class=\"column-2\">Inhalt <\/th><th class=\"column-3\">Termin<\/th>\n<\/tr>\n<\/thead>\n<tbody class=\"row-striping row-hover\">\n<tr class=\"row-2\">\n\t<td class=\"column-1\">1<\/td><td class=\"column-2\">Info-Veranstaltung<\/td><td class=\"column-3\">27. und 28. November 2023, jeweils 18 Uhr (online)<\/td>\n<\/tr>\n<tr class=\"row-3\">\n\t<td class=\"column-1\">2<\/td><td class=\"column-2\">Anmeldung<\/td><td class=\"column-3\">vom 8.12.2023 bis 5.02.2024 (23:00 Uhr)<\/td>\n<\/tr>\n<tr class=\"row-4\">\n\t<td class=\"column-1\">3<\/td><td class=\"column-2\">Einschreibeunterlagen<\/td><td class=\"column-3\">Die Einschreibung findet ausschlie\u00dflich online statt. <br \/>\n<a href=\"https:\/\/bv.ac-nice.fr\/isi2d\/famille\/\">ISI2D - Acad\u00e9mie Nice Einschreibung Coll\u00e8ge<\/a><\/td>\n<\/tr>\n<tr class=\"row-5\">\n\t<td class=\"column-1\">4<\/td><td class=\"column-2\">Einladung zum Test<\/td><td class=\"column-3\">Die Einladung zum Test erhalten Sie per Email, daher unbedingt auf die korrekte Schreibweise achten (Hinweise befinden sich auf der Seite der Acad\u00e9mie).<\/td>\n<\/tr>\n<tr class=\"row-6\">\n\t<td class=\"column-1\">5<\/td><td class=\"column-2\">Test<\/td><td class=\"column-3\">Mittwoch, 13. M\u00e4rz 2024<br \/>\nDer Test umfasst an diesem Tag einen schriftlichen und einen m\u00fcndlichenTeil. <\/td>\n<\/tr>\n<tr class=\"row-7\">\n\t<td class=\"column-1\">6<\/td><td class=\"column-2\">Testergebnisse<\/td><td class=\"column-3\">Mittwoch, 10. April 2024<br \/>\nSie erhalten die Ergebnisse per Email. Es besteht auch die M\u00f6glichkeit, sie auf der Seite der Acad\u00e9mie einzusehen.<\/td>\n<\/tr>\n<tr class=\"row-8\">\n\t<td class=\"column-1\">6a<\/td><td class=\"column-2\">R\u00fcckmeldung <\/td><td class=\"column-3\">Best\u00e4tigung der Entscheidung durch die Familien (ebenfalls online \u00fcber den Link der Acad\u00e9mie)<\/td>\n<\/tr>\n<tr class=\"row-9\">\n\t<td class=\"column-1\">7<\/td><td class=\"column-2\">Einschreibung CIV<\/td><td class=\"column-3\">16. April - 15. Mai 2024 formelle Einschreibung im CIV<br \/>\n(von Mitte Mai bis zum 1. Juli werden die Wartelistenpl\u00e4tze vergeben)<\/td>\n<\/tr>\n<\/tbody>\n<\/table>\n\n<p>[\/et_pb_text][et_pb_button button_url=&#8220;https:\/\/www.apeg.eu\/wp-content\/uploads\/2023\/12\/ac-ni_sec.-intern.-6eme_calendrier-2024-25.pdf&#8220; url_new_window=&#8220;on&#8220; button_text=&#8220;Infos der Acad\u00e9mie f\u00fcr Einschreibung 6\u00e8me&#8220; button_alignment=&#8220;center&#8220; _builder_version=&#8220;4.24.0&#8243; _module_preset=&#8220;default&#8220; custom_button=&#8220;on&#8220; button_bg_color=&#8220;#E09900&#8243; button_border_radius=&#8220;10px&#8220; button_font=&#8220;||||||||&#8220; background_layout=&#8220;dark&#8220; custom_padding=&#8220;11px|||||&#8220; global_colors_info=&#8220;{}&#8220;][\/et_pb_button][et_pb_text _builder_version=&#8220;4.24.0&#8243; _module_preset=&#8220;default&#8220; custom_padding=&#8220;6px|||||&#8220; global_colors_info=&#8220;{}&#8220;]<\/p>\n<p><em><strong>Erg\u00e4nzende Hinweise:<\/strong><\/em><\/p>\n<p>Die Einschreibung erfolgt nur \u00fcber den angegebenen Link. Sind die Daten einmal eingegeben, k\u00f6nnen sie im Nachhinein nicht mehr modifiziert werden.<\/p>\n<p>Wenn Ihr Kind einen Platz zugewiesen bekommen hat, werden Sie von der Schule \u00fcber den genauen Termin der Einschreibung informiert. Der von der Acad\u00e9mie daf\u00fcr vorgesehene Zeitraum dient der Orientierung.<\/p>\n<p>[\/et_pb_text][\/et_pb_column][\/et_pb_row][et_pb_row _builder_version=&#8220;4.24.0&#8243; _module_preset=&#8220;default&#8220; global_colors_info=&#8220;{}&#8220; disabled_on=&#8220;on|on|on&#8220; disabled=&#8220;on&#8220;][et_pb_column type=&#8220;4_4&#8243; _builder_version=&#8220;4.24.0&#8243; _module_preset=&#8220;default&#8220; global_colors_info=&#8220;{}&#8220;][et_pb_text _builder_version=&#8220;4.24.0&#8243; _module_preset=&#8220;default&#8220; global_colors_info=&#8220;{}&#8220;]<\/p>\n<p><strong><span style=\"color: #333300;\">Der Prozess der Einschreibung f\u00fcr das Coll\u00e8ge section internationale in anderen Jahrgangsstufen als der 6\u00e8me folgt ebenfalls den Vorgaben der Acad\u00e9mie Nice ist jedoch abweichend. N\u00e4here Informationen finden Sie unter folgendem Link (die Informationen befinden sich im unteren Drittel der sehr langen Seite. Suchen Sie nach der \u00dcberschrift <\/span><\/strong>&#8222;Admission en 5\u00e8me, 4\u00e8me et 3\u00e8me section internationale&#8220;.<\/p>\n<p><strong><span style=\"color: #333300;\">\u00a0<\/span><\/strong><\/p>\n<p>[\/et_pb_text][et_pb_button button_url=&#8220;https:\/\/www.ac-nice.fr\/sections-internationales-au-college&#8220; url_new_window=&#8220;on&#8220; button_text=&#8220;Acad\u00e9mie Nice &#8211; Einschreibung 5\u00e8me, 4\u00e8me, 3\u00e8me&#8220; button_alignment=&#8220;center&#8220; _builder_version=&#8220;4.24.0&#8243; _module_preset=&#8220;default&#8220; custom_button=&#8220;on&#8220; button_bg_color=&#8220;#E06100&#8243; button_border_radius=&#8220;10px&#8220; button_font=&#8220;||||||||&#8220; background_layout=&#8220;dark&#8220; custom_padding=&#8220;11px|||||&#8220; global_colors_info=&#8220;{}&#8220;][\/et_pb_button][\/et_pb_column][\/et_pb_row][\/et_pb_section][et_pb_section fb_built=&#8220;1&#8243; custom_padding_last_edited=&#8220;on|desktop&#8220; _builder_version=&#8220;4.16&#8243; background_color=&#8220;#ffffff&#8220; background_image=&#8220;https:\/\/www.apeg.eu\/wp-content\/uploads\/2016\/07\/apeg-fond-1.jpg&#8220; custom_padding_tablet=&#8220;50px|0|50px|0&#8243; custom_padding_phone=&#8220;&#8220; transparent_background=&#8220;off&#8220; padding_mobile=&#8220;off&#8220; global_colors_info=&#8220;{}&#8220;][et_pb_row _builder_version=&#8220;4.16&#8243; background_size=&#8220;initial&#8220; background_position=&#8220;top_left&#8220; background_repeat=&#8220;repeat&#8220; global_colors_info=&#8220;{}&#8220;][et_pb_column type=&#8220;4_4&#8243; _builder_version=&#8220;4.16&#8243; custom_padding=&#8220;|||&#8220; global_colors_info=&#8220;{}&#8220; custom_padding__hover=&#8220;|||&#8220;][et_pb_cta title=&#8220;Bei etwaigen Fragen, einfach melden!&#8220; button_url=&#8220;https:\/\/www.apeg.eu\/de\/kontakt\/&#8220; button_text=&#8220;Kontaktieren Sie uns!&#8220; _builder_version=&#8220;4.16&#8243; use_background_color=&#8220;off&#8220; background_size=&#8220;initial&#8220; background_position=&#8220;top_left&#8220; background_repeat=&#8220;repeat&#8220; background_layout=&#8220;light&#8220; use_border_color=&#8220;off&#8220; border_color=&#8220;#ffffff&#8220; border_style=&#8220;solid&#8220; global_colors_info=&#8220;{}&#8220; button_text_size__hover_enabled=&#8220;off&#8220; button_one_text_size__hover_enabled=&#8220;off&#8220; button_two_text_size__hover_enabled=&#8220;off&#8220; button_text_color__hover_enabled=&#8220;off&#8220; button_one_text_color__hover_enabled=&#8220;off&#8220; button_two_text_color__hover_enabled=&#8220;off&#8220; button_border_width__hover_enabled=&#8220;off&#8220; button_one_border_width__hover_enabled=&#8220;off&#8220; button_two_border_width__hover_enabled=&#8220;off&#8220; button_border_color__hover_enabled=&#8220;off&#8220; button_one_border_color__hover_enabled=&#8220;off&#8220; button_two_border_color__hover_enabled=&#8220;off&#8220; button_border_radius__hover_enabled=&#8220;off&#8220; button_one_border_radius__hover_enabled=&#8220;off&#8220; button_two_border_radius__hover_enabled=&#8220;off&#8220; button_letter_spacing__hover_enabled=&#8220;off&#8220; button_one_letter_spacing__hover_enabled=&#8220;off&#8220; button_two_letter_spacing__hover_enabled=&#8220;off&#8220; button_bg_color__hover_enabled=&#8220;off&#8220; button_one_bg_color__hover_enabled=&#8220;off&#8220; button_two_bg_color__hover_enabled=&#8220;off&#8220;] \u00a0 [\/et_pb_cta][\/et_pb_column][\/et_pb_row][\/et_pb_section]<\/p>\n","protected":false},"excerpt":{"rendered":"<p>Einschreibung in die Grundschule &amp; Mittel- und Oberstufe \u00a0 \u00a0 \u00a0 Allgemeine InformationenLiebe Eltern, Sie finden im folgenden einen Leitfaden zur Einschreibung in die internationale Abteilung f\u00fcr die Region Valbonne &#8211; Sophia-Antipolis (Grundschule Sartoux und das CIV). Bitte beachten Sie, dass die Einschreibung nicht \u00fcber die Schule oder die APEG erfolgt. Dies kann einzig und [&hellip;]<\/p>\n","protected":false},"author":2,"featured_media":0,"parent":0,"menu_order":0,"comment_status":"closed","ping_status":"closed","template":"","meta":{"_et_pb_use_builder":"on","_et_pb_old_content":"","_et_gb_content_width":"","footnotes":""},"class_list":["post-713","page","type-page","status-publish","hentry"],"_links":{"self":[{"href":"https:\/\/www.apeg.eu\/de\/wp-json\/wp\/v2\/pages\/713","targetHints":{"allow":["GET"]}}],"collection":[{"href":"https:\/\/www.apeg.eu\/de\/wp-json\/wp\/v2\/pages"}],"about":[{"href":"https:\/\/www.apeg.eu\/de\/wp-json\/wp\/v2\/types\/page"}],"author":[{"embeddable":true,"href":"https:\/\/www.apeg.eu\/de\/wp-json\/wp\/v2\/users\/2"}],"replies":[{"embeddable":true,"href":"https:\/\/www.apeg.eu\/de\/wp-json\/wp\/v2\/comments?post=713"}],"version-history":[{"count":61,"href":"https:\/\/www.apeg.eu\/de\/wp-json\/wp\/v2\/pages\/713\/revisions"}],"predecessor-version":[{"id":3079,"href":"https:\/\/www.apeg.eu\/de\/wp-json\/wp\/v2\/pages\/713\/revisions\/3079"}],"wp:attachment":[{"href":"https:\/\/www.apeg.eu\/de\/wp-json\/wp\/v2\/media?parent=713"}],"curies":[{"name":"wp","href":"https:\/\/api.w.org\/{rel}","templated":true}]}}