{"id":705,"date":"2016-10-11T11:35:51","date_gmt":"2016-10-11T09:35:51","guid":{"rendered":"http:\/\/www.apeg.eu\/de\/?page_id=705"},"modified":"2024-02-09T08:24:13","modified_gmt":"2024-02-09T07:24:13","slug":"mittel-und-oberstufe","status":"publish","type":"page","link":"https:\/\/www.apeg.eu\/de\/mittel-und-oberstufe\/","title":{"rendered":"Mittel- und Oberstufe"},"content":{"rendered":"<p>[et_pb_section fb_built=&#8220;1&#8243; inner_shadow=&#8220;on&#8220; fullwidth=&#8220;on&#8220; custom_padding_last_edited=&#8220;on|desktop&#8220; admin_label=&#8220;Section&#8220; _builder_version=&#8220;4.16&#8243; background_color=&#8220;#ffffff&#8220; custom_padding_tablet=&#8220;50px|0|50px|0&#8243; custom_padding_phone=&#8220;50px|0|50px|0&#8243; transparent_background=&#8220;off&#8220; padding_mobile=&#8220;off&#8220; make_fullwidth=&#8220;off&#8220; use_custom_width=&#8220;off&#8220; width_unit=&#8220;on&#8220; global_colors_info=&#8220;{}&#8220;][et_pb_fullwidth_slider admin_label=&#8220;Curseur de d\u00e9filement plein \u00e9cran&#8220; _builder_version=&#8220;4.16&#8243; custom_padding=&#8220;||76px|||&#8220; custom_padding_tablet=&#8220;|||&#8220; custom_padding_phone=&#8220;|||&#8220; box_shadow_style=&#8220;preset6&#8243; box_shadow_blur=&#8220;10px&#8220; box_shadow_color=&#8220;rgba(0,0,0,0.1)&#8220; remove_inner_shadow=&#8220;off&#8220; hide_content_on_mobile=&#8220;off&#8220; hide_cta_on_mobile=&#8220;off&#8220; show_inner_shadow=&#8220;on&#8220; button_letter_spacing_hover=&#8220;0&#8243; global_colors_info=&#8220;{}&#8220; button_text_size__hover_enabled=&#8220;off&#8220; button_one_text_size__hover_enabled=&#8220;off&#8220; button_two_text_size__hover_enabled=&#8220;off&#8220; button_text_color__hover_enabled=&#8220;off&#8220; button_one_text_color__hover_enabled=&#8220;off&#8220; button_two_text_color__hover_enabled=&#8220;off&#8220; button_border_width__hover_enabled=&#8220;off&#8220; button_one_border_width__hover_enabled=&#8220;off&#8220; button_two_border_width__hover_enabled=&#8220;off&#8220; button_border_color__hover_enabled=&#8220;off&#8220; button_one_border_color__hover_enabled=&#8220;off&#8220; button_two_border_color__hover_enabled=&#8220;off&#8220; button_border_radius__hover_enabled=&#8220;off&#8220; button_one_border_radius__hover_enabled=&#8220;off&#8220; button_two_border_radius__hover_enabled=&#8220;off&#8220; button_letter_spacing__hover_enabled=&#8220;on&#8220; button_letter_spacing__hover=&#8220;0&#8243; button_one_letter_spacing__hover_enabled=&#8220;off&#8220; button_two_letter_spacing__hover_enabled=&#8220;off&#8220; button_bg_color__hover_enabled=&#8220;off&#8220; button_one_bg_color__hover_enabled=&#8220;off&#8220; button_two_bg_color__hover_enabled=&#8220;off&#8220;][et_pb_slide heading=&#8220;Mittel- und Oberstufe&#8220; use_bg_overlay=&#8220;off&#8220; use_text_overlay=&#8220;off&#8220; _builder_version=&#8220;4.16&#8243; header_font=&#8220;||||&#8220; body_font=&#8220;||||&#8220; background_color=&#8220;#ffffff&#8220; background_image=&#8220;https:\/\/www.apeg.eu\/wp-content\/uploads\/2016\/07\/apeg-fond-1.jpg&#8220; button_icon_placement=&#8220;right&#8220; button_on_hover=&#8220;on&#8220; background_layout=&#8220;light&#8220; global_colors_info=&#8220;{}&#8220; button_text_size__hover_enabled=&#8220;off&#8220; button_one_text_size__hover_enabled=&#8220;off&#8220; button_two_text_size__hover_enabled=&#8220;off&#8220; button_text_color__hover_enabled=&#8220;off&#8220; button_one_text_color__hover_enabled=&#8220;off&#8220; button_two_text_color__hover_enabled=&#8220;off&#8220; button_border_width__hover_enabled=&#8220;off&#8220; button_one_border_width__hover_enabled=&#8220;off&#8220; button_two_border_width__hover_enabled=&#8220;off&#8220; button_border_color__hover_enabled=&#8220;off&#8220; button_one_border_color__hover_enabled=&#8220;off&#8220; button_two_border_color__hover_enabled=&#8220;off&#8220; button_border_radius__hover_enabled=&#8220;off&#8220; button_one_border_radius__hover_enabled=&#8220;off&#8220; button_two_border_radius__hover_enabled=&#8220;off&#8220; button_letter_spacing__hover_enabled=&#8220;off&#8220; button_one_letter_spacing__hover_enabled=&#8220;off&#8220; button_two_letter_spacing__hover_enabled=&#8220;off&#8220; button_bg_color__hover_enabled=&#8220;off&#8220; button_one_bg_color__hover_enabled=&#8220;off&#8220; button_two_bg_color__hover_enabled=&#8220;off&#8220; sticky_transition=&#8220;on&#8220;]<\/p>\n<p>Coll\u00e8ge &amp; Lyc\u00e9e im CIV<\/p>\n<p>&nbsp;<\/p>\n<p>[\/et_pb_slide][\/et_pb_fullwidth_slider][\/et_pb_section][et_pb_section fb_built=&#8220;1&#8243; admin_label=&#8220;Section&#8220; _builder_version=&#8220;4.16&#8243; min_height=&#8220;603.7px&#8220; custom_padding=&#8220;||6px|||&#8220; global_colors_info=&#8220;{}&#8220;][et_pb_row admin_label=&#8220;Ligne&#8220; _builder_version=&#8220;4.16&#8243; background_size=&#8220;initial&#8220; background_position=&#8220;top_left&#8220; background_repeat=&#8220;repeat&#8220; global_colors_info=&#8220;{}&#8220;][et_pb_column type=&#8220;4_4&#8243; _builder_version=&#8220;4.16&#8243; custom_padding=&#8220;|||&#8220; global_colors_info=&#8220;{}&#8220; custom_padding__hover=&#8220;|||&#8220;][et_pb_text _builder_version=&#8220;4.24.0&#8243; _module_preset=&#8220;default&#8220; text_font=&#8220;|||||on|||&#8220; custom_padding=&#8220;||49px|||&#8220; global_colors_info=&#8220;{}&#8220;]<\/p>\n<h1 style=\"text-align: center;\"><span style=\"color: #3366ff;\"><strong>Die Deutsche Abteilung am CIV, Sophia Antipolis<\/strong><\/span><\/h1>\n<p>[\/et_pb_text][et_pb_text _builder_version=&#8220;4.24.0&#8243; _module_preset=&#8220;default&#8220; global_colors_info=&#8220;{}&#8220;]<\/p>\n<ul>\n<li>\n<h4 style=\"text-align: left;\"><strong>Allgemein<\/strong><\/h4>\n<\/li>\n<\/ul>\n<p style=\"text-align: left;\"><strong><\/strong>Beim <strong>C<\/strong>entre <strong>I<\/strong>nternational de <strong>V<\/strong>albonne handelt es sich um eine \u00f6ffentliche franz\u00f6sische Schule.<\/p>\n<p>Die Sch\u00fcler kommen nach der Grundschule ans Coll\u00e8ge (entspricht in etwa der deutschen Realschule) und nach dem Coll\u00e8ge ans Lyc\u00e8e (entspricht im deutschen der gymnasialen Oberstufe). Im Einzelnen sieht der Vergleich folgenderma\u00dfen aus:<\/p>\n<p>Das franz\u00f6sische Coll\u00e8ge dauert vier Jahre:<\/p>\n<ul>\n<li>Sixi\u00e8me, 6\u00e8me\u00a0 \u2013 entspricht der deutschen 6. Klasse<\/li>\n<li>Cinqi\u00e8me, 5\u00e8me \u2013 7. Klasse<\/li>\n<li>Quatri\u00e8me, 4\u00e8me \u2013 8. Klasse<\/li>\n<li>Troisi\u00e8me, 3\u00e8me \u2013 9. Klasse<\/li>\n<\/ul>\n<p>&nbsp;<\/p>\n<p>Das franz\u00f6sische Lyc\u00e9e dauert drei Jahre:<\/p>\n<ul>\n<li>Seconde, 2nde &#8211; 10. Klasse<\/li>\n<li>Premi\u00e8re, 1\u00e8re &#8211; 11. Klasse<\/li>\n<li>Terminale &#8211; 12. Klasse<\/li>\n<\/ul>\n<p style=\"text-align: left;\">Wie bei allen franz\u00f6sischen Schulen ist der Unterricht auf den ganzen Tag verteilt. Die Unterrichtszeiten liegen zwischen 8-17 Uhr, wobei im Coll\u00e8ge der Mittwoch-Nachmittag frei ist. Im Lyc\u00e9e geht der Unterricht nicht selten auch bis 18 Uhr.<\/p>\n<p>Die Sch\u00fcler haben die M\u00f6glichkeit, das Mittagessen in der Schulkantine einzunehmen.<\/p>\n<p>[\/et_pb_text][et_pb_text admin_label=&#8220;Texte&#8220; _builder_version=&#8220;4.24.0&#8243; text_font=&#8220;||||||||&#8220; background_size=&#8220;initial&#8220; background_position=&#8220;top_left&#8220; background_repeat=&#8220;repeat&#8220; use_border_color=&#8220;off&#8220; border_color=&#8220;#ffffff&#8220; border_style=&#8220;solid&#8220; global_colors_info=&#8220;{}&#8220;]<\/p>\n<h3><\/h3>\n<h3><\/h3>\n<ul>\n<li>\n<h4><strong>Coll\u00e8ge &amp; Lyc\u00e9e International<\/strong><\/h4>\n<\/li>\n<\/ul>\n<p>\u00a0<img loading=\"lazy\" decoding=\"async\" class=\"size-full wp-image-273 alignright\" src=\"https:\/\/www.apeg.eu\/wp-content\/uploads\/2016\/07\/Deutschsektion-CIV.jpg\" alt=\"deutschsektion-civ\" width=\"266\" height=\"177\" \/>Die internationalen Schulen in Frankreich (\u201eColl\u00e8ge &amp; Lyc\u00e9es internationaux\u201c) bieten franz\u00f6sischen und internationalen Unterricht an. Den gr\u00f6\u00dften Anteil hat der Unterricht in franz\u00f6sischer Sprache, bei franz\u00f6sischen Lehrern und nach franz\u00f6sischen Lehrpl\u00e4nen. Ein Anteil von ca. 7-10 Wochenstunden (je nach Klassenstufe) umfasst den Unterricht in den F\u00e4chern Sprache\/Literatur und Geschichte\/Geographiein der jeweiligen Landessprache der internationalen Abteilung.<\/p>\n<p>Am CIV gibt es im Coll\u00e8ge neben der deutschen Abteilung auch eine englische, spanische, italienische und chinesische Abteilung. Im Lyc\u00e9e gibt es zus\u00e4tzlich eine russische Abteilung.<\/p>\n<p>Die hohe Stundenzahl der F\u00e4cher in deutscher Sprache soll den Sch\u00fclern dazu verhelfen, ein Sprachniveau zu erreichen, dass ihnen das Ablegen des deutschen Abiturs in den F\u00e4chern Sprache\/Literatur und Geschichte\/Geographie erm\u00f6glicht. Alle Sch\u00fcler werden dazu angeregt, zus\u00e4tzlich an Austauschprogrammen teilzunehmen, was f\u00fcr einen Sch\u00fcler der deutschen Abteilung bedeutet, einen l\u00e4ngeren Deutschlandaufenthalt in seine Schullaufbahn einzuplanen und ein besonderes Interesse f\u00fcr die Sprache und die deutschsprachige Kultur zu bekunden. Auf diese Weise sollte sich seine m\u00fcndliche und schriftliche Ausdrucksf\u00e4higkeit der eines Muttersprachlers ann\u00e4hern.<\/p>\n<p>&nbsp;<\/p>\n<p>[\/et_pb_text][et_pb_text _builder_version=&#8220;4.24.0&#8243; _module_preset=&#8220;default&#8220; hover_enabled=&#8220;0&#8243; global_colors_info=&#8220;{}&#8220; sticky_enabled=&#8220;0&#8243;]<\/p>\n<ul>\n<li>\n<h4>Aufnahmebedingungen<\/h4>\n<\/li>\n<\/ul>\n<p>Sowohl das Coll\u00e8ge als auch das Lyc\u00e9e sind keine Sprengelschulen, d.h. mehr oder weniger unabh\u00e4ngig vom Wohnort (im Umfeld von Sophia Antipolis) k\u00f6nnen Sch\u00fcler:innen eingeschrieben werden. <strong>Voraussetzung<\/strong> ist jedoch, dass sie einen Eingangstest sowohl in franz\u00f6sischer als auch in deutscher Sprache absolvieren. Der bestandene Test erm\u00f6glicht den Besuch des Coll\u00e8ge und sp\u00e4ter des Lyc\u00e9es. N\u00e4here Informationen zum Prozess und Zeitplan finden Sie unter folgendem Link:<\/p>\n<p>[\/et_pb_text][et_pb_button button_url=&#8220;https:\/\/www.apeg.eu\/de\/einschreibung-in-die-deutsche-abteilung\/&#8220; url_new_window=&#8220;on&#8220; button_text=&#8220;Einschreibung &#8211; Ablauf und Voraussetzungen&#8220; button_alignment=&#8220;center&#8220; _builder_version=&#8220;4.24.0&#8243; _module_preset=&#8220;default&#8220; custom_button=&#8220;on&#8220; button_text_color=&#8220;#FFFFFF&#8220; button_bg_color=&#8220;#E09900&#8243; button_border_radius=&#8220;7px&#8220; global_colors_info=&#8220;{}&#8220;][\/et_pb_button][et_pb_text _builder_version=&#8220;4.24.0&#8243; _module_preset=&#8220;default&#8220; global_colors_info=&#8220;{}&#8220;]<\/p>\n<p><span style=\"color: #ff0000;\"><strong>Bitte beachten Sie:<\/strong> <\/span>Eine Einschreibung im Lyc\u00e9e ist grunds\u00e4tzlich nicht m\u00f6glich, sofern der Sch\u00fcler nicht zuvor in Frankreich oder im Ausland eine andere Schule besucht hat, die denselben Lehrplan verfolgt, d.h. ein BFI (baccalaureat fran\u00e7aise international) in deutscher Sprache anbietet.<\/p>\n<p>&nbsp;<\/p>\n<p>[\/et_pb_text][et_pb_button button_text=&#8220;Internetseite des CIV&#8220; _builder_version=&#8220;4.24.0&#8243; _module_preset=&#8220;default&#8220; hover_enabled=&#8220;0&#8243; sticky_enabled=&#8220;0&#8243; url_new_window=&#8220;on&#8220; button_url=&#8220;http:\/\/www.civfrance.com\/&#8220; button_alignment=&#8220;center&#8220; custom_button=&#8220;on&#8220; button_text_color=&#8220;#FFFFFF&#8220; button_bg_color=&#8220;#E09900&#8243; button_bg_enable_color=&#8220;on&#8220; button_border_radius=&#8220;6px&#8220;][\/et_pb_button][\/et_pb_column][\/et_pb_row][\/et_pb_section][et_pb_section fb_built=&#8220;1&#8243; custom_padding_last_edited=&#8220;on|desktop&#8220; admin_label=&#8220;Section&#8220; _builder_version=&#8220;4.16&#8243; background_color=&#8220;#ffffff&#8220; background_image=&#8220;https:\/\/www.apeg.eu\/wp-content\/uploads\/2016\/07\/apeg-fond-1.jpg&#8220; custom_padding_tablet=&#8220;50px|0|50px|0&#8243; custom_padding_phone=&#8220;50px|0|50px|0&#8243; transparent_background=&#8220;off&#8220; padding_mobile=&#8220;off&#8220; make_fullwidth=&#8220;off&#8220; use_custom_width=&#8220;off&#8220; width_unit=&#8220;on&#8220; global_colors_info=&#8220;{}&#8220;][et_pb_row admin_label=&#8220;Ligne&#8220; _builder_version=&#8220;4.16&#8243; background_size=&#8220;initial&#8220; background_position=&#8220;top_left&#8220; background_repeat=&#8220;repeat&#8220; global_colors_info=&#8220;{}&#8220;][et_pb_column type=&#8220;4_4&#8243; _builder_version=&#8220;4.16&#8243; custom_padding=&#8220;|||&#8220; global_colors_info=&#8220;{}&#8220; custom_padding__hover=&#8220;|||&#8220;][et_pb_cta title=&#8220;Bei etwaigen Fragen, einfach melden!&#8220; button_url=&#8220;https:\/\/www.apeg.eu\/de\/kontakt\/&#8220; button_text=&#8220;Kontaktieren Sie uns!&#8220; admin_label=&#8220;Appel d&#8217;action&#8220; _builder_version=&#8220;4.16&#8243; use_background_color=&#8220;off&#8220; background_size=&#8220;initial&#8220; background_position=&#8220;top_left&#8220; background_repeat=&#8220;repeat&#8220; background_layout=&#8220;light&#8220; button_letter_spacing_hover=&#8220;0&#8243; use_border_color=&#8220;off&#8220; border_color=&#8220;#ffffff&#8220; border_style=&#8220;solid&#8220; global_colors_info=&#8220;{}&#8220; button_text_size__hover_enabled=&#8220;off&#8220; button_one_text_size__hover_enabled=&#8220;off&#8220; button_two_text_size__hover_enabled=&#8220;off&#8220; button_text_color__hover_enabled=&#8220;off&#8220; button_one_text_color__hover_enabled=&#8220;off&#8220; button_two_text_color__hover_enabled=&#8220;off&#8220; button_border_width__hover_enabled=&#8220;off&#8220; button_one_border_width__hover_enabled=&#8220;off&#8220; button_two_border_width__hover_enabled=&#8220;off&#8220; button_border_color__hover_enabled=&#8220;off&#8220; button_one_border_color__hover_enabled=&#8220;off&#8220; button_two_border_color__hover_enabled=&#8220;off&#8220; button_border_radius__hover_enabled=&#8220;off&#8220; button_one_border_radius__hover_enabled=&#8220;off&#8220; button_two_border_radius__hover_enabled=&#8220;off&#8220; button_letter_spacing__hover_enabled=&#8220;on&#8220; button_letter_spacing__hover=&#8220;0&#8243; button_one_letter_spacing__hover_enabled=&#8220;off&#8220; button_two_letter_spacing__hover_enabled=&#8220;off&#8220; button_bg_color__hover_enabled=&#8220;off&#8220; button_one_bg_color__hover_enabled=&#8220;off&#8220; button_two_bg_color__hover_enabled=&#8220;off&#8220;] [\/et_pb_cta][\/et_pb_column][\/et_pb_row][\/et_pb_section]<\/p>\n","protected":false},"excerpt":{"rendered":"<p>Coll\u00e8ge &amp; Lyc\u00e9e im CIV &nbsp;Die Deutsche Abteilung am CIV, Sophia Antipolis Allgemein Beim Centre International de Valbonne handelt es sich um eine \u00f6ffentliche franz\u00f6sische Schule. Die Sch\u00fcler kommen nach der Grundschule ans Coll\u00e8ge (entspricht in etwa der deutschen Realschule) und nach dem Coll\u00e8ge ans Lyc\u00e8e (entspricht im deutschen der gymnasialen Oberstufe). Im Einzelnen sieht [&hellip;]<\/p>\n","protected":false},"author":2,"featured_media":0,"parent":0,"menu_order":0,"comment_status":"closed","ping_status":"closed","template":"","meta":{"_et_pb_use_builder":"on","_et_pb_old_content":"","_et_gb_content_width":"","footnotes":""},"class_list":["post-705","page","type-page","status-publish","hentry"],"_links":{"self":[{"href":"https:\/\/www.apeg.eu\/de\/wp-json\/wp\/v2\/pages\/705","targetHints":{"allow":["GET"]}}],"collection":[{"href":"https:\/\/www.apeg.eu\/de\/wp-json\/wp\/v2\/pages"}],"about":[{"href":"https:\/\/www.apeg.eu\/de\/wp-json\/wp\/v2\/types\/page"}],"author":[{"embeddable":true,"href":"https:\/\/www.apeg.eu\/de\/wp-json\/wp\/v2\/users\/2"}],"replies":[{"embeddable":true,"href":"https:\/\/www.apeg.eu\/de\/wp-json\/wp\/v2\/comments?post=705"}],"version-history":[{"count":7,"href":"https:\/\/www.apeg.eu\/de\/wp-json\/wp\/v2\/pages\/705\/revisions"}],"predecessor-version":[{"id":2940,"href":"https:\/\/www.apeg.eu\/de\/wp-json\/wp\/v2\/pages\/705\/revisions\/2940"}],"wp:attachment":[{"href":"https:\/\/www.apeg.eu\/de\/wp-json\/wp\/v2\/media?parent=705"}],"curies":[{"name":"wp","href":"https:\/\/api.w.org\/{rel}","templated":true}]}}