{"id":677,"date":"2016-10-10T17:57:51","date_gmt":"2016-10-10T15:57:51","guid":{"rendered":"http:\/\/www.apeg.eu\/de\/?page_id=677"},"modified":"2022-10-03T14:26:01","modified_gmt":"2022-10-03T12:26:01","slug":"der-verein","status":"publish","type":"page","link":"https:\/\/www.apeg.eu\/de\/der-verein\/","title":{"rendered":"Der Verein"},"content":{"rendered":"<p>[et_pb_section fb_built=&#8220;1&#8243; inner_shadow=&#8220;on&#8220; fullwidth=&#8220;on&#8220; custom_padding_last_edited=&#8220;on|desktop&#8220; admin_label=&#8220;Section&#8220; _builder_version=&#8220;4.16&#8243; background_color=&#8220;#ffffff&#8220; custom_padding_tablet=&#8220;50px|0|50px|0&#8243; custom_padding_phone=&#8220;50px|0|50px|0&#8243; transparent_background=&#8220;off&#8220; padding_mobile=&#8220;off&#8220; make_fullwidth=&#8220;off&#8220; use_custom_width=&#8220;off&#8220; width_unit=&#8220;on&#8220; global_colors_info=&#8220;{}&#8220;][et_pb_fullwidth_slider admin_label=&#8220;Curseur de d\u00e9filement plein \u00e9cran&#8220; _builder_version=&#8220;4.16&#8243; custom_padding=&#8220;|||&#8220; custom_padding_tablet=&#8220;|||&#8220; custom_padding_phone=&#8220;|||&#8220; box_shadow_style=&#8220;preset6&#8243; box_shadow_blur=&#8220;10px&#8220; box_shadow_color=&#8220;rgba(0,0,0,0.1)&#8220; button_letter_spacing_hover=&#8220;0&#8243; remove_inner_shadow=&#8220;off&#8220; hide_content_on_mobile=&#8220;off&#8220; hide_cta_on_mobile=&#8220;off&#8220; show_inner_shadow=&#8220;on&#8220; global_colors_info=&#8220;{}&#8220; button_text_size__hover_enabled=&#8220;off&#8220; button_one_text_size__hover_enabled=&#8220;off&#8220; button_two_text_size__hover_enabled=&#8220;off&#8220; button_text_color__hover_enabled=&#8220;off&#8220; button_one_text_color__hover_enabled=&#8220;off&#8220; button_two_text_color__hover_enabled=&#8220;off&#8220; button_border_width__hover_enabled=&#8220;off&#8220; button_one_border_width__hover_enabled=&#8220;off&#8220; button_two_border_width__hover_enabled=&#8220;off&#8220; button_border_color__hover_enabled=&#8220;off&#8220; button_one_border_color__hover_enabled=&#8220;off&#8220; button_two_border_color__hover_enabled=&#8220;off&#8220; button_border_radius__hover_enabled=&#8220;off&#8220; button_one_border_radius__hover_enabled=&#8220;off&#8220; button_two_border_radius__hover_enabled=&#8220;off&#8220; button_letter_spacing__hover_enabled=&#8220;on&#8220; button_letter_spacing__hover=&#8220;0&#8243; button_one_letter_spacing__hover_enabled=&#8220;off&#8220; button_two_letter_spacing__hover_enabled=&#8220;off&#8220; button_bg_color__hover_enabled=&#8220;off&#8220; button_one_bg_color__hover_enabled=&#8220;off&#8220; button_two_bg_color__hover_enabled=&#8220;off&#8220;][et_pb_slide heading=&#8220;APEG&#8220; image=&#8220;https:\/\/www.apeg.eu\/wp-content\/uploads\/2016\/07\/apeg-logo.png&#8220; use_bg_overlay=&#8220;off&#8220; use_text_overlay=&#8220;off&#8220; _builder_version=&#8220;4.16&#8243; header_font=&#8220;||||&#8220; body_font=&#8220;||||&#8220; background_color=&#8220;#ffffff&#8220; background_image=&#8220;https:\/\/www.apeg.eu\/wp-content\/uploads\/2016\/07\/apeg-fond-1.jpg&#8220; button_icon_placement=&#8220;right&#8220; button_on_hover=&#8220;on&#8220; background_layout=&#8220;light&#8220; global_colors_info=&#8220;{}&#8220; button_text_size__hover_enabled=&#8220;off&#8220; button_one_text_size__hover_enabled=&#8220;off&#8220; button_two_text_size__hover_enabled=&#8220;off&#8220; button_text_color__hover_enabled=&#8220;off&#8220; button_one_text_color__hover_enabled=&#8220;off&#8220; button_two_text_color__hover_enabled=&#8220;off&#8220; button_border_width__hover_enabled=&#8220;off&#8220; button_one_border_width__hover_enabled=&#8220;off&#8220; button_two_border_width__hover_enabled=&#8220;off&#8220; button_border_color__hover_enabled=&#8220;off&#8220; button_one_border_color__hover_enabled=&#8220;off&#8220; button_two_border_color__hover_enabled=&#8220;off&#8220; button_border_radius__hover_enabled=&#8220;off&#8220; button_one_border_radius__hover_enabled=&#8220;off&#8220; button_two_border_radius__hover_enabled=&#8220;off&#8220; button_letter_spacing__hover_enabled=&#8220;off&#8220; button_one_letter_spacing__hover_enabled=&#8220;off&#8220; button_two_letter_spacing__hover_enabled=&#8220;off&#8220; button_bg_color__hover_enabled=&#8220;off&#8220; button_one_bg_color__hover_enabled=&#8220;off&#8220; button_two_bg_color__hover_enabled=&#8220;off&#8220; sticky_transition=&#8220;on&#8220;]Elternverein der deutschsprachigen Abteilung<\/p>\n<p><em>Association des Parents d\u2019El\u00e8ves Germanophones<\/em><br \/>\n[\/et_pb_slide][\/et_pb_fullwidth_slider][\/et_pb_section][et_pb_section fb_built=&#8220;1&#8243; admin_label=&#8220;Section&#8220; _builder_version=&#8220;4.16&#8243; global_colors_info=&#8220;{}&#8220;][et_pb_row column_structure=&#8220;3_4,1_4&#8243; admin_label=&#8220;Ligne&#8220; _builder_version=&#8220;4.16&#8243; background_size=&#8220;initial&#8220; background_position=&#8220;top_left&#8220; background_repeat=&#8220;repeat&#8220; global_colors_info=&#8220;{}&#8220;][et_pb_column type=&#8220;3_4&#8243; _builder_version=&#8220;4.16&#8243; custom_padding=&#8220;|||&#8220; global_colors_info=&#8220;{}&#8220; custom_padding__hover=&#8220;|||&#8220;][et_pb_text admin_label=&#8220;Texte&#8220; _builder_version=&#8220;4.16&#8243; background_size=&#8220;initial&#8220; background_position=&#8220;top_left&#8220; background_repeat=&#8220;repeat&#8220; use_border_color=&#8220;off&#8220; border_color=&#8220;#ffffff&#8220; border_style=&#8220;solid&#8220; global_colors_info=&#8220;{}&#8220;]<\/p>\n<h3>DIE DEUTSCHE ABTEILUNG DES CENTRE INTERNATIONAL DE VALBONNE<\/h3>\n<p>&nbsp;<\/p>\n<p>Gegr\u00fcndet wurde die Deutsche Abteilung des Centre International de Valbonne im Jahr 1988 mit einer Gruppe in der 6\u00e8me und einer Gruppe in der 2nde. Seit 1994 besteht der Elternverein APEG (Association des Parents d\u2019El\u00e8ves Germanophones). Im Schuljahr, 2022\/2023 geh\u00f6ren ca. 250 Kinder, von der 1. Klasse (CP) aus der Grundschule Satoux bis hin zur Terminale im CIV, sowie 170 Familien zur deutschen Abteilung.<\/p>\n<h3><\/h3>\n<p>[\/et_pb_text][\/et_pb_column][et_pb_column type=&#8220;1_4&#8243; _builder_version=&#8220;4.16&#8243; custom_padding=&#8220;|||&#8220; global_colors_info=&#8220;{}&#8220; custom_padding__hover=&#8220;|||&#8220;][et_pb_image src=&#8220;https:\/\/www.apeg.eu\/wp-content\/uploads\/2016\/07\/pres-1.jpg&#8220; align_tablet=&#8220;center&#8220; align_phone=&#8220;center&#8220; align_last_edited=&#8220;on|desktop&#8220; admin_label=&#8220;Image&#8220; _builder_version=&#8220;4.16&#8243; animation_style=&#8220;slide&#8220; animation_direction=&#8220;left&#8220; animation_duration=&#8220;500ms&#8220; animation_intensity_slide=&#8220;10%&#8220; use_border_color=&#8220;off&#8220; border_color=&#8220;#ffffff&#8220; border_style=&#8220;solid&#8220; animation=&#8220;left&#8220; sticky=&#8220;off&#8220; always_center_on_mobile=&#8220;on&#8220; global_colors_info=&#8220;{}&#8220;] [\/et_pb_image][\/et_pb_column][\/et_pb_row][et_pb_row admin_label=&#8220;Ligne&#8220; _builder_version=&#8220;4.16&#8243; background_size=&#8220;initial&#8220; background_position=&#8220;top_left&#8220; background_repeat=&#8220;repeat&#8220; global_colors_info=&#8220;{}&#8220;][et_pb_column type=&#8220;4_4&#8243; _builder_version=&#8220;4.16&#8243; custom_padding=&#8220;|||&#8220; global_colors_info=&#8220;{}&#8220; custom_padding__hover=&#8220;|||&#8220;][et_pb_text admin_label=&#8220;Texte&#8220; _builder_version=&#8220;4.16&#8243; background_size=&#8220;initial&#8220; background_position=&#8220;top_left&#8220; background_repeat=&#8220;repeat&#8220; use_border_color=&#8220;off&#8220; border_color=&#8220;#ffffff&#8220; border_style=&#8220;solid&#8220; global_colors_info=&#8220;{}&#8220;]<\/p>\n<h4>WAS IST DAS AUSBILDUNGSZIEL DER DEUTSCHEN ABTEILUNG?<\/h4>\n<p>Die internationalen Abteilungen des CIV bereiten ihre Sch\u00fcler auf das franz\u00f6sische Baccalaur\u00e9at mit internationaler Option (OIB) vor, indem sie nicht nur die jeweilige Sprache auf muttersprachlichem Niveau, sondern auch Kultur und Geschichte vermitteln. Die Sch\u00fcler der deutschen Abteilung erhalten mit dem OIB gleichzeitig das deutsche Abitur.<br \/>\n[\/et_pb_text][\/et_pb_column][\/et_pb_row][et_pb_row column_structure=&#8220;1_3,2_3&#8243; admin_label=&#8220;Ligne&#8220; _builder_version=&#8220;4.16&#8243; background_size=&#8220;initial&#8220; background_position=&#8220;top_left&#8220; background_repeat=&#8220;repeat&#8220; global_colors_info=&#8220;{}&#8220;][et_pb_column type=&#8220;1_3&#8243; _builder_version=&#8220;4.16&#8243; custom_padding=&#8220;|||&#8220; global_colors_info=&#8220;{}&#8220; custom_padding__hover=&#8220;|||&#8220;][et_pb_image src=&#8220;https:\/\/www.apeg.eu\/wp-content\/uploads\/2016\/07\/pres-2.jpg&#8220; align_tablet=&#8220;center&#8220; align_phone=&#8220;center&#8220; align_last_edited=&#8220;on|desktop&#8220; admin_label=&#8220;Image&#8220; _builder_version=&#8220;4.16&#8243; animation_style=&#8220;slide&#8220; animation_direction=&#8220;left&#8220; animation_duration=&#8220;500ms&#8220; animation_intensity_slide=&#8220;10%&#8220; use_border_color=&#8220;off&#8220; border_color=&#8220;#ffffff&#8220; border_style=&#8220;solid&#8220; animation=&#8220;left&#8220; sticky=&#8220;off&#8220; always_center_on_mobile=&#8220;on&#8220; global_colors_info=&#8220;{}&#8220;] [\/et_pb_image][\/et_pb_column][et_pb_column type=&#8220;2_3&#8243; _builder_version=&#8220;4.16&#8243; custom_padding=&#8220;|||&#8220; global_colors_info=&#8220;{}&#8220; custom_padding__hover=&#8220;|||&#8220;][et_pb_text admin_label=&#8220;Texte&#8220; _builder_version=&#8220;4.16&#8243; background_size=&#8220;initial&#8220; background_position=&#8220;top_left&#8220; background_repeat=&#8220;repeat&#8220; use_border_color=&#8220;off&#8220; border_color=&#8220;#ffffff&#8220; border_style=&#8220;solid&#8220; global_colors_info=&#8220;{}&#8220;]Um auf die anspruchsvolle Abiturpr\u00fcfung zu vorzubereiten, bietet die deutsche Abteilung ein intensives Lernprogramm (bis zu 10 Stunden pro Woche) in kleinen Gruppen f\u00fcr die Sch\u00fcler der Mittelstufe an. Sollte ein Sch\u00fcler das OIB-Niveau nicht erreichen, kann er die Deutschpr\u00fcfung \u00ab Deutsches Sprachdiplom 2 \u00bb (DSD2) ablegen, mit der er sich ohne zus\u00e4tzliche Sprachpr\u00fcfungen an einer deutschen Hochschule einschreiben kann. Somit bietet die deutsche Abteilung eine weitere Option, um allen Sch\u00fclern die bestm\u00f6glichen Zukunftschancen zu erm\u00f6glichen.<br \/>\n[\/et_pb_text][\/et_pb_column][\/et_pb_row][et_pb_row column_structure=&#8220;2_3,1_3&#8243; admin_label=&#8220;Ligne&#8220; _builder_version=&#8220;4.16&#8243; background_size=&#8220;initial&#8220; background_position=&#8220;top_left&#8220; background_repeat=&#8220;repeat&#8220; global_colors_info=&#8220;{}&#8220;][et_pb_column type=&#8220;2_3&#8243; _builder_version=&#8220;4.16&#8243; custom_padding=&#8220;|||&#8220; global_colors_info=&#8220;{}&#8220; custom_padding__hover=&#8220;|||&#8220;][et_pb_text admin_label=&#8220;Texte&#8220; _builder_version=&#8220;4.16&#8243; background_size=&#8220;initial&#8220; background_position=&#8220;top_left&#8220; background_repeat=&#8220;repeat&#8220; use_border_color=&#8220;off&#8220; border_color=&#8220;#ffffff&#8220; border_style=&#8220;solid&#8220; global_colors_info=&#8220;{}&#8220;]<\/p>\n<h4>WIE FINANZIEREN WIR UNS?<\/h4>\n<p>Obwohl die Schule dem franz\u00f6sischen Bildungsministerium unterstellt ist, kann das intensive Lernprogramm nur mit zus\u00e4tzlichen Schulstunden durch vom Elternverein APEG angestellte Lehrer angeboten werden. Diese Lehrer haben in Deutschland das zweite Staatsexamen in Deutsch und Geschichte\/Erdkunde abgelegt und verwenden deutsche Unterrichtsmethoden und P\u00e4dagogik. Finanziert werden sie \u00fcber das Schulgeld.<br \/>\n[\/et_pb_text][\/et_pb_column][et_pb_column type=&#8220;1_3&#8243; _builder_version=&#8220;4.16&#8243; custom_padding=&#8220;|||&#8220; global_colors_info=&#8220;{}&#8220; custom_padding__hover=&#8220;|||&#8220;][et_pb_image src=&#8220;https:\/\/www.apeg.eu\/wp-content\/uploads\/2016\/07\/pres-3.jpg&#8220; align_tablet=&#8220;center&#8220; align_phone=&#8220;center&#8220; align_last_edited=&#8220;on|desktop&#8220; admin_label=&#8220;Image&#8220; _builder_version=&#8220;4.16&#8243; animation_style=&#8220;slide&#8220; animation_direction=&#8220;left&#8220; animation_duration=&#8220;500ms&#8220; animation_intensity_slide=&#8220;10%&#8220; use_border_color=&#8220;off&#8220; border_color=&#8220;#ffffff&#8220; border_style=&#8220;solid&#8220; animation=&#8220;left&#8220; sticky=&#8220;off&#8220; always_center_on_mobile=&#8220;on&#8220; global_colors_info=&#8220;{}&#8220;] [\/et_pb_image][\/et_pb_column][\/et_pb_row][et_pb_row admin_label=&#8220;Ligne&#8220; _builder_version=&#8220;4.16&#8243; background_size=&#8220;initial&#8220; background_position=&#8220;top_left&#8220; background_repeat=&#8220;repeat&#8220; global_colors_info=&#8220;{}&#8220;][et_pb_column type=&#8220;4_4&#8243; _builder_version=&#8220;4.16&#8243; custom_padding=&#8220;|||&#8220; global_colors_info=&#8220;{}&#8220; custom_padding__hover=&#8220;|||&#8220;][et_pb_text admin_label=&#8220;Texte&#8220; _builder_version=&#8220;4.16&#8243; background_size=&#8220;initial&#8220; background_position=&#8220;top_left&#8220; background_repeat=&#8220;repeat&#8220; use_border_color=&#8220;off&#8220; border_color=&#8220;#ffffff&#8220; border_style=&#8220;solid&#8220; global_colors_info=&#8220;{}&#8220;]<\/p>\n<p>Dieses Schulgeld ist unabh\u00e4ngig vom Niveau der Sch\u00fcler (Gruppe A oder B, Mittel- oder Oberstufe) und wird am Anfang des Schuljahres anhand des Budgets f\u00fcr das gesamte Jahr festgelegt. F\u00fcr das Schuljahr 2022\/23 liegt das Schulgeld bei rund 1.100 \u20ac. Die Anmeldung der Kinder in der deutschen Abteilung ist gleichbedeutend mit dem Beitritt in die APEG und dem verbindlichen Engagement w\u00e4hrend der gesamten Schulzeit am CIV f\u00fcr die daraus entstehenden Kosten aufzukommen.<\/p>\n<p>[\/et_pb_text][\/et_pb_column][\/et_pb_row][et_pb_row column_structure=&#8220;1_3,2_3&#8243; admin_label=&#8220;Ligne&#8220; _builder_version=&#8220;4.16&#8243; background_size=&#8220;initial&#8220; background_position=&#8220;top_left&#8220; background_repeat=&#8220;repeat&#8220; global_colors_info=&#8220;{}&#8220;][et_pb_column type=&#8220;1_3&#8243; _builder_version=&#8220;4.16&#8243; custom_padding=&#8220;|||&#8220; global_colors_info=&#8220;{}&#8220; custom_padding__hover=&#8220;|||&#8220;][et_pb_image src=&#8220;https:\/\/www.apeg.eu\/wp-content\/uploads\/2016\/07\/Newsletter_sept_2016.png&#8220; align_tablet=&#8220;center&#8220; align_phone=&#8220;center&#8220; align_last_edited=&#8220;on|desktop&#8220; admin_label=&#8220;Image&#8220; _builder_version=&#8220;4.16&#8243; animation_style=&#8220;slide&#8220; animation_direction=&#8220;left&#8220; animation_duration=&#8220;500ms&#8220; animation_intensity_slide=&#8220;10%&#8220; use_border_color=&#8220;off&#8220; border_color=&#8220;#ffffff&#8220; border_style=&#8220;solid&#8220; animation=&#8220;left&#8220; sticky=&#8220;off&#8220; always_center_on_mobile=&#8220;on&#8220; global_colors_info=&#8220;{}&#8220;] [\/et_pb_image][\/et_pb_column][et_pb_column type=&#8220;2_3&#8243; _builder_version=&#8220;4.16&#8243; custom_padding=&#8220;|||&#8220; global_colors_info=&#8220;{}&#8220; custom_padding__hover=&#8220;|||&#8220;][et_pb_text admin_label=&#8220;Texte&#8220; _builder_version=&#8220;4.16&#8243; background_size=&#8220;initial&#8220; background_position=&#8220;top_left&#8220; background_repeat=&#8220;repeat&#8220; use_border_color=&#8220;off&#8220; border_color=&#8220;#ffffff&#8220; border_style=&#8220;solid&#8220; global_colors_info=&#8220;{}&#8220;]<\/p>\n<h4>WAS SIND DIE ZIELE DER APEG?<\/h4>\n<p>Zu den Aufgaben der APEG z\u00e4hlen:<\/p>\n<ul>\n<li>die Organisation des Alltags der deutschen Sektion in der Grundschule Haut Sartoux und im CIV (Mittel- und Oberstufe) in enger Zusammenarbeit mit den Schulleitungen und Lehrern,<\/li>\n<li>die deutsche Kultur n\u00e4herzubringen und zu erleben und<\/li>\n<li>anl\u00e4sslich internationaler Feste Deutschland vorzustellen.<\/li>\n<\/ul>\n<p>Die betreffenden Termine werden alle im monatlichen \u00ab Newsletters \u00bb ver\u00f6ffentlicht.<\/p>\n<p>&nbsp;<\/p>\n<p><strong><a href=\"https:\/\/www.apeg.eu\/newsletter\/\">Hier k\u00f6nnen Sie sich direkt den Newsletter abonnieren<\/a>.<\/strong><br \/>\n[\/et_pb_text][\/et_pb_column][\/et_pb_row][\/et_pb_section][et_pb_section fb_built=&#8220;1&#8243; fullwidth=&#8220;on&#8220; disabled_on=&#8220;on|on|on&#8220; admin_label=&#8220;Section&#8220; _builder_version=&#8220;4.16&#8243; disabled=&#8220;on&#8220; global_colors_info=&#8220;{}&#8220;][et_pb_fullwidth_header title=&#8220;Letzte Neuigkeiten&#8220; subhead=&#8220;Anzeigen, Lehrplan, Festivit\u00e4ten, Kurse, Aktivit\u00e4ten &#038; diverse Infos&#8220; text_orientation=&#8220;center&#8220; header_scroll_down=&#8220;on&#8220; content_max_width=&#8220;none&#8220; admin_label=&#8220;En-t\u00eate plein \u00e9cran&#8220; _builder_version=&#8220;4.16&#8243; button_one_letter_spacing_hover=&#8220;0&#8243; button_two_letter_spacing_hover=&#8220;0&#8243; global_colors_info=&#8220;{}&#8220; button_one_text_size__hover_enabled=&#8220;off&#8220; button_two_text_size__hover_enabled=&#8220;off&#8220; button_one_text_color__hover_enabled=&#8220;off&#8220; button_two_text_color__hover_enabled=&#8220;off&#8220; button_one_border_width__hover_enabled=&#8220;off&#8220; button_two_border_width__hover_enabled=&#8220;off&#8220; button_one_border_color__hover_enabled=&#8220;off&#8220; button_two_border_color__hover_enabled=&#8220;off&#8220; button_one_border_radius__hover_enabled=&#8220;off&#8220; button_two_border_radius__hover_enabled=&#8220;off&#8220; button_one_letter_spacing__hover_enabled=&#8220;on&#8220; button_one_letter_spacing__hover=&#8220;0&#8243; button_two_letter_spacing__hover_enabled=&#8220;on&#8220; button_two_letter_spacing__hover=&#8220;0&#8243; button_one_bg_color__hover_enabled=&#8220;off&#8220; button_two_bg_color__hover_enabled=&#8220;off&#8220;] [\/et_pb_fullwidth_header][\/et_pb_section][et_pb_section fb_built=&#8220;1&#8243; custom_padding_last_edited=&#8220;on|desktop&#8220; disabled_on=&#8220;on|on|on&#8220; admin_label=&#8220;Section&#8220; _builder_version=&#8220;4.16&#8243; background_color=&#8220;#faaf1f&#8220; custom_padding_tablet=&#8220;50px|0|50px|0&#8243; custom_padding_phone=&#8220;50px|0|50px|0&#8243; transparent_background=&#8220;off&#8220; padding_mobile=&#8220;off&#8220; make_fullwidth=&#8220;off&#8220; use_custom_width=&#8220;off&#8220; width_unit=&#8220;on&#8220; disabled=&#8220;on&#8220; global_colors_info=&#8220;{}&#8220;][et_pb_row admin_label=&#8220;Ligne&#8220; _builder_version=&#8220;4.16&#8243; background_size=&#8220;initial&#8220; background_position=&#8220;top_left&#8220; background_repeat=&#8220;repeat&#8220; global_colors_info=&#8220;{}&#8220;][et_pb_column type=&#8220;4_4&#8243; _builder_version=&#8220;4.16&#8243; custom_padding=&#8220;|||&#8220; global_colors_info=&#8220;{}&#8220; custom_padding__hover=&#8220;|||&#8220;][et_pb_blog fullwidth=&#8220;off&#8220; posts_number=&#8220;6&#8243; include_categories=&#8220;5,9,7,8&#8243; show_author=&#8220;off&#8220; masonry_tile_background_color=&#8220;#ffffff&#8220; admin_label=&#8220;Blog&#8220; _builder_version=&#8220;4.16&#8243; header_font=&#8220;|on|||&#8220; header_text_color=&#8220;#333333&#8243; body_text_color=&#8220;#333333&#8243; meta_text_color=&#8220;#333333&#8243; box_shadow_style=&#8220;preset1&#8243; box_shadow_vertical=&#8220;1px&#8220; box_shadow_blur=&#8220;5px&#8220; box_shadow_color=&#8220;rgba(0,0,0,.1)&#8220; use_border_color=&#8220;off&#8220; border_color=&#8220;#ffffff&#8220; border_style=&#8220;solid&#8220; use_dropshadow=&#8220;on&#8220; global_colors_info=&#8220;{}&#8220;] [\/et_pb_blog][\/et_pb_column][\/et_pb_row][\/et_pb_section][et_pb_section fb_built=&#8220;1&#8243; custom_padding_last_edited=&#8220;on|desktop&#8220; admin_label=&#8220;Section&#8220; _builder_version=&#8220;4.16&#8243; background_color=&#8220;#ffffff&#8220; background_image=&#8220;https:\/\/www.apeg.eu\/wp-content\/uploads\/2016\/07\/apeg-fond-1.jpg&#8220; custom_padding_tablet=&#8220;50px|0|50px|0&#8243; custom_padding_phone=&#8220;50px|0|50px|0&#8243; transparent_background=&#8220;off&#8220; padding_mobile=&#8220;off&#8220; make_fullwidth=&#8220;off&#8220; use_custom_width=&#8220;off&#8220; width_unit=&#8220;on&#8220; global_colors_info=&#8220;{}&#8220;][et_pb_row admin_label=&#8220;Ligne&#8220; _builder_version=&#8220;4.16&#8243; background_size=&#8220;initial&#8220; background_position=&#8220;top_left&#8220; background_repeat=&#8220;repeat&#8220; global_colors_info=&#8220;{}&#8220;][et_pb_column type=&#8220;4_4&#8243; _builder_version=&#8220;4.16&#8243; custom_padding=&#8220;|||&#8220; global_colors_info=&#8220;{}&#8220; custom_padding__hover=&#8220;|||&#8220;][et_pb_cta title=&#8220;Bei etwaigen Fragen, einfach melden!&#8220; button_url=&#8220;https:\/\/www.apeg.eu\/de\/kontakt\/&#8220; button_text=&#8220;Kontaktieren Sie uns!&#8220; admin_label=&#8220;Appel d&#8217;action&#8220; _builder_version=&#8220;4.16&#8243; use_background_color=&#8220;off&#8220; background_size=&#8220;initial&#8220; background_position=&#8220;top_left&#8220; background_repeat=&#8220;repeat&#8220; background_layout=&#8220;light&#8220; use_border_color=&#8220;off&#8220; border_color=&#8220;#ffffff&#8220; border_style=&#8220;solid&#8220; button_letter_spacing_hover=&#8220;0&#8243; global_colors_info=&#8220;{}&#8220; button_text_size__hover_enabled=&#8220;off&#8220; button_one_text_size__hover_enabled=&#8220;off&#8220; button_two_text_size__hover_enabled=&#8220;off&#8220; button_text_color__hover_enabled=&#8220;off&#8220; button_one_text_color__hover_enabled=&#8220;off&#8220; button_two_text_color__hover_enabled=&#8220;off&#8220; button_border_width__hover_enabled=&#8220;off&#8220; button_one_border_width__hover_enabled=&#8220;off&#8220; button_two_border_width__hover_enabled=&#8220;off&#8220; button_border_color__hover_enabled=&#8220;off&#8220; button_one_border_color__hover_enabled=&#8220;off&#8220; button_two_border_color__hover_enabled=&#8220;off&#8220; button_border_radius__hover_enabled=&#8220;off&#8220; button_one_border_radius__hover_enabled=&#8220;off&#8220; button_two_border_radius__hover_enabled=&#8220;off&#8220; button_letter_spacing__hover_enabled=&#8220;on&#8220; button_letter_spacing__hover=&#8220;0&#8243; button_one_letter_spacing__hover_enabled=&#8220;off&#8220; button_two_letter_spacing__hover_enabled=&#8220;off&#8220; button_bg_color__hover_enabled=&#8220;off&#8220; button_one_bg_color__hover_enabled=&#8220;off&#8220; button_two_bg_color__hover_enabled=&#8220;off&#8220;] [\/et_pb_cta][\/et_pb_column][\/et_pb_row][\/et_pb_section]<\/p>\n","protected":false},"excerpt":{"rendered":"<p>Elternverein der deutschsprachigen Abteilung Association des Parents d\u2019El\u00e8ves Germanophones DIE DEUTSCHE ABTEILUNG DES CENTRE INTERNATIONAL DE VALBONNE &nbsp; Gegr\u00fcndet wurde die Deutsche Abteilung des Centre International de Valbonne im Jahr 1988 mit einer Gruppe in der 6\u00e8me und einer Gruppe in der 2nde. Seit 1994 besteht der Elternverein APEG (Association des Parents d\u2019El\u00e8ves Germanophones). Im [&hellip;]<\/p>\n","protected":false},"author":2,"featured_media":0,"parent":0,"menu_order":0,"comment_status":"closed","ping_status":"closed","template":"","meta":{"_et_pb_use_builder":"on","_et_pb_old_content":"","_et_gb_content_width":"","footnotes":""},"class_list":["post-677","page","type-page","status-publish","hentry"],"_links":{"self":[{"href":"https:\/\/www.apeg.eu\/de\/wp-json\/wp\/v2\/pages\/677","targetHints":{"allow":["GET"]}}],"collection":[{"href":"https:\/\/www.apeg.eu\/de\/wp-json\/wp\/v2\/pages"}],"about":[{"href":"https:\/\/www.apeg.eu\/de\/wp-json\/wp\/v2\/types\/page"}],"author":[{"embeddable":true,"href":"https:\/\/www.apeg.eu\/de\/wp-json\/wp\/v2\/users\/2"}],"replies":[{"embeddable":true,"href":"https:\/\/www.apeg.eu\/de\/wp-json\/wp\/v2\/comments?post=677"}],"version-history":[{"count":15,"href":"https:\/\/www.apeg.eu\/de\/wp-json\/wp\/v2\/pages\/677\/revisions"}],"predecessor-version":[{"id":2316,"href":"https:\/\/www.apeg.eu\/de\/wp-json\/wp\/v2\/pages\/677\/revisions\/2316"}],"wp:attachment":[{"href":"https:\/\/www.apeg.eu\/de\/wp-json\/wp\/v2\/media?parent=677"}],"curies":[{"name":"wp","href":"https:\/\/api.w.org\/{rel}","templated":true}]}}