{"id":633,"date":"2016-10-06T18:55:48","date_gmt":"2016-10-06T16:55:48","guid":{"rendered":"http:\/\/www.apeg.eu\/de\/?page_id=633"},"modified":"2025-03-04T10:58:12","modified_gmt":"2025-03-04T09:58:12","slug":"das-apeg-team","status":"publish","type":"page","link":"https:\/\/www.apeg.eu\/de\/das-apeg-team\/","title":{"rendered":"Das APEG Team"},"content":{"rendered":"<p>[et_pb_section fb_built=&#8220;1&#8243; inner_shadow=&#8220;on&#8220; fullwidth=&#8220;on&#8220; custom_padding_last_edited=&#8220;on|desktop&#8220; _builder_version=&#8220;4.16&#8243; background_color=&#8220;#ffffff&#8220; custom_padding_tablet=&#8220;50px|0|50px|0&#8243; custom_padding_phone=&#8220;&#8220; transparent_background=&#8220;off&#8220; padding_mobile=&#8220;off&#8220; global_colors_info=&#8220;{}&#8220;][et_pb_fullwidth_slider _builder_version=&#8220;4.16&#8243; custom_padding=&#8220;|||&#8220; custom_padding_tablet=&#8220;|||&#8220; custom_padding_phone=&#8220;|||&#8220; box_shadow_style=&#8220;preset6&#8243; box_shadow_blur=&#8220;10px&#8220; box_shadow_color=&#8220;rgba(0,0,0,0.1)&#8220; remove_inner_shadow=&#8220;off&#8220; hide_content_on_mobile=&#8220;off&#8220; hide_cta_on_mobile=&#8220;off&#8220; show_inner_shadow=&#8220;on&#8220; global_colors_info=&#8220;{}&#8220; button_text_size__hover_enabled=&#8220;off&#8220; button_one_text_size__hover_enabled=&#8220;off&#8220; button_two_text_size__hover_enabled=&#8220;off&#8220; button_text_color__hover_enabled=&#8220;off&#8220; button_one_text_color__hover_enabled=&#8220;off&#8220; button_two_text_color__hover_enabled=&#8220;off&#8220; button_border_width__hover_enabled=&#8220;off&#8220; button_one_border_width__hover_enabled=&#8220;off&#8220; button_two_border_width__hover_enabled=&#8220;off&#8220; button_border_color__hover_enabled=&#8220;off&#8220; button_one_border_color__hover_enabled=&#8220;off&#8220; button_two_border_color__hover_enabled=&#8220;off&#8220; button_border_radius__hover_enabled=&#8220;off&#8220; button_one_border_radius__hover_enabled=&#8220;off&#8220; button_two_border_radius__hover_enabled=&#8220;off&#8220; button_letter_spacing__hover_enabled=&#8220;off&#8220; button_one_letter_spacing__hover_enabled=&#8220;off&#8220; button_two_letter_spacing__hover_enabled=&#8220;off&#8220; button_bg_color__hover_enabled=&#8220;off&#8220; button_one_bg_color__hover_enabled=&#8220;off&#8220; button_two_bg_color__hover_enabled=&#8220;off&#8220;][et_pb_slide heading=&#8220;Das APEG Team&#8220; use_bg_overlay=&#8220;off&#8220; use_text_overlay=&#8220;off&#8220; _builder_version=&#8220;4.16&#8243; header_font=&#8220;||||&#8220; body_font=&#8220;||||&#8220; background_color=&#8220;#ffffff&#8220; background_image=&#8220;https:\/\/www.apeg.eu\/wp-content\/uploads\/2016\/07\/apeg-fond-1.jpg&#8220; button_icon_placement=&#8220;right&#8220; button_on_hover=&#8220;on&#8220; background_layout=&#8220;light&#8220; global_colors_info=&#8220;{}&#8220; button_text_size__hover_enabled=&#8220;off&#8220; button_one_text_size__hover_enabled=&#8220;off&#8220; button_two_text_size__hover_enabled=&#8220;off&#8220; button_text_color__hover_enabled=&#8220;off&#8220; button_one_text_color__hover_enabled=&#8220;off&#8220; button_two_text_color__hover_enabled=&#8220;off&#8220; button_border_width__hover_enabled=&#8220;off&#8220; button_one_border_width__hover_enabled=&#8220;off&#8220; button_two_border_width__hover_enabled=&#8220;off&#8220; button_border_color__hover_enabled=&#8220;off&#8220; button_one_border_color__hover_enabled=&#8220;off&#8220; button_two_border_color__hover_enabled=&#8220;off&#8220; button_border_radius__hover_enabled=&#8220;off&#8220; button_one_border_radius__hover_enabled=&#8220;off&#8220; button_two_border_radius__hover_enabled=&#8220;off&#8220; button_letter_spacing__hover_enabled=&#8220;off&#8220; button_one_letter_spacing__hover_enabled=&#8220;off&#8220; button_two_letter_spacing__hover_enabled=&#8220;off&#8220; button_bg_color__hover_enabled=&#8220;off&#8220; button_one_bg_color__hover_enabled=&#8220;off&#8220; button_two_bg_color__hover_enabled=&#8220;off&#8220; sticky_transition=&#8220;on&#8220;]Elternverein der deutschsprachigen Abteilung[\/et_pb_slide][\/et_pb_fullwidth_slider][\/et_pb_section][et_pb_section fb_built=&#8220;1&#8243; _builder_version=&#8220;4.16&#8243; global_colors_info=&#8220;{}&#8220;][et_pb_row _builder_version=&#8220;4.16&#8243; background_size=&#8220;initial&#8220; background_position=&#8220;top_left&#8220; background_repeat=&#8220;repeat&#8220; global_colors_info=&#8220;{}&#8220;][et_pb_column type=&#8220;4_4&#8243; _builder_version=&#8220;4.16&#8243; custom_padding=&#8220;|||&#8220; global_colors_info=&#8220;{}&#8220; custom_padding__hover=&#8220;|||&#8220;][et_pb_team_member name=&#8220;Brita Weymann&#8220; position=&#8220;Pr\u00e4sidentin&#8220; _builder_version=&#8220;4.27.4&#8243; background_size=&#8220;initial&#8220; background_position=&#8220;top_left&#8220; background_repeat=&#8220;repeat&#8220; animation=&#8220;fade_in&#8220; use_border_color=&#8220;off&#8220; border_color=&#8220;#ffffff&#8220; border_style=&#8220;solid&#8220; global_colors_info=&#8220;{}&#8220;][\/et_pb_team_member][et_pb_team_member position=&#8220;Vize Pr\u00e4sidentin&#8220; _builder_version=&#8220;4.27.4&#8243; background_size=&#8220;initial&#8220; background_position=&#8220;top_left&#8220; background_repeat=&#8220;repeat&#8220; custom_margin=&#8220;61px||82px|||&#8220; animation=&#8220;fade_in&#8220; hover_enabled=&#8220;0&#8243; use_border_color=&#8220;off&#8220; border_color=&#8220;#ffffff&#8220; border_style=&#8220;solid&#8220; global_colors_info=&#8220;{}&#8220; sticky_enabled=&#8220;0&#8243; name=&#8220;Ruth Larbre&#8220;][\/et_pb_team_member][et_pb_team_member name=&#8220;Thomas Herlin&#8220; position=&#8220;Schatzmeister&#8220; image_url=&#8220;https:\/\/www.apeg.eu\/wp-content\/uploads\/2020\/06\/TH-pix-picture-EIT-Digital-background-ConvertImage.jpg&#8220; _builder_version=&#8220;4.20.2&#8243; background_size=&#8220;initial&#8220; background_position=&#8220;top_left&#8220; background_repeat=&#8220;repeat&#8220; custom_padding=&#8220;0px||64px|||&#8220; animation=&#8220;fade_in&#8220; use_border_color=&#8220;off&#8220; border_color=&#8220;#ffffff&#8220; border_style=&#8220;solid&#8220; global_colors_info=&#8220;{}&#8220;]<\/p>\n<p><strong><em>Warum bin ich bei der APEG?<\/em><\/strong><\/p>\n<p>Die Familie meines Vaters hat seit 4 Generationen einen sehr starken Bezug zu den Deutschen und ihrer Kultur. Unsere vier Kinder setzen diese Tradition fort, und ich finde es normal, mich jetzt auch einzubringen, und meinen Beitrag zu leisten an den zahlreichen Aktivit\u00e4ten der APEG und der Grossz\u00fcgigkeit ihrer Mitglieder.<\/p>\n<p><strong><em>Was bringt mir die APEG?<\/em><\/strong><\/p>\n<p>Die Hintergr\u00fcnde und Zusammenh\u00e4nge der deutschsprachigen Sektion zu verstehen, ihre Organisation, den interessanten Austausch zwischen den Mitgliedern und mit den Sch\u00fclern und Eltern.<\/p>\n<p><strong><em>Was trage ich bei?<\/em><\/strong><\/p>\n<p>Einen Hauch Biodiversit\u00e4t, da ich oft der einzige anwesende Mann bin \ud83d\ude42<\/p>\n<p>Und meine Frau S\u00e9verine stellt ihre B\u00fcror\u00e4ume in der N\u00e4he der Place Bermond f\u00fcr unsere Besprechungen zur Verf\u00fcgung.<\/p>\n<p><em>\u00a0<strong>Was macht besonders Spass?<\/strong><\/em><\/p>\n<p>Der interessante Austausch, das Deutsche, das ich sehr mag bei der Absprache und Zusammenarbeit zwischen den Mitgliedern, das Engagement und die Offenheit der deutschen Sektion. Ganz besonders mag ich Nikolaus, dieses Fest erinnert mich an meine Kindheit im Grossherzogtum Luxemburg !<\/p>\n<p>[\/et_pb_team_member][et_pb_team_member position=&#8220;Controllerin&#8220; _builder_version=&#8220;4.27.4&#8243; background_size=&#8220;initial&#8220; background_position=&#8220;top_left&#8220; background_repeat=&#8220;repeat&#8220; custom_margin=&#8220;61px||82px|||&#8220; animation=&#8220;fade_in&#8220; hover_enabled=&#8220;0&#8243; use_border_color=&#8220;off&#8220; border_color=&#8220;#ffffff&#8220; border_style=&#8220;solid&#8220; global_colors_info=&#8220;{}&#8220; sticky_enabled=&#8220;0&#8243; name=&#8220;Marion Fr\u00f6hlich&#8220;][\/et_pb_team_member][\/et_pb_column][\/et_pb_row][et_pb_row _builder_version=&#8220;4.16.1&#8243; _module_preset=&#8220;default&#8220; global_colors_info=&#8220;{}&#8220;][et_pb_column type=&#8220;4_4&#8243; _builder_version=&#8220;4.16.1&#8243; _module_preset=&#8220;default&#8220; global_colors_info=&#8220;{}&#8220;][et_pb_team_member name=&#8220;Michael Vogel&#8220; position=&#8220;Sekret\u00e4r&#8220; image_url=&#8220;https:\/\/www.apeg.eu\/wp-content\/uploads\/2022\/04\/APEG_Foto-Michael.jpg&#8220; _builder_version=&#8220;4.20.2&#8243; _module_preset=&#8220;default&#8220; custom_margin=&#8220;||80px|||&#8220; global_colors_info=&#8220;{}&#8220;]<\/p>\n<p><em><strong>Warum bin ich bei APEG?<\/strong><\/em><\/p>\n<p>Meine Kinder besuchen seit der ersten Klasse die deutschsprachige Abteilung. Nachdem ich von der APEG profitiert und punktuell unterst\u00fctzt habe, war es f\u00fcr mich an der Zeit, mich zu engagieren und meinen Beitrag zu ihrem guten Gelingen zu leisten.<\/p>\n<p><em><strong>Was bringt mir die APEG?<\/strong><\/em><\/p>\n<p>APEG erm\u00f6glicht es mir, die Funktionsweise der deutschsprachigen Sektion und ihre Interaktion mit dem CIV besser zu verstehen und ich kann versuchen, daran zu arbeiten, dass diese Bildungsm\u00f6glichkeit auch in Zukunft bestehen bleibt.<\/p>\n<p><em><strong>Was trage ich bei?<\/strong><\/em><\/p>\n<p>Als Sekret\u00e4r k\u00fcmmere ich mich um die administrativen Angelegenheiten sowie um die Sitzungen, die Jahreshauptversammlung und die Protokolle. Zusammen mit Thomas Herlin verst\u00e4rke ich die m\u00e4nnliche Seite in einem \u00fcberwiegend weiblichen Team.<\/p>\n<p><em><strong>Was macht besonderen Spass?<\/strong><\/em><\/p>\n<p>Ich mag es, in diesem motivierten Team zu arbeiten und mich auszutauschen, um ein gemeinsames Ziel zu erreichen: das Wohl unserer Kinder und derer, die noch kommen werden.<\/p>\n<p>[\/et_pb_team_member][et_pb_team_member name=&#8220;Julia Genthialon &#8220; position=&#8220;Stellvertretende Sekret\u00e4rin und Koordination des Jahrbuchs&#8220; image_url=&#8220;https:\/\/www.apeg.eu\/wp-content\/uploads\/2025\/02\/Julia-Genthialon_IMG_0138-002-rotated.jpeg&#8220; _builder_version=&#8220;4.27.4&#8243; _module_preset=&#8220;default&#8220; global_colors_info=&#8220;{}&#8220;]<\/p>\n<p>&nbsp;<\/p>\n<p>Als stellvertretende Sekret\u00e4rin der APEG bin ich f\u00fcr die Gestaltung und Koordination des<span>\u00a0<\/span><em>Jahrbuchs<\/em><span>\u00a0<\/span>der deutschen Sektion am CIV verantwortlich. Meine Aufgabe besteht darin, die Inhalte zu organisieren, das Layout zu gestalten und sicherzustellen, dass dieses Projekt das Schulleben der Sch\u00fcler bestm\u00f6glich widerspiegelt. Ich habe mich der APEG angeschlossen, um die Gemeinschaft aktiv zu unterst\u00fctzen, die Kommunikation zwischen Eltern und Lehrkr\u00e4ften zu erleichtern und an bereichernden Initiativen teilzunehmen.<\/p>\n<p>Besonders sch\u00e4tze ich die Zusammenarbeit, die Kreativit\u00e4t bei der Erstellung des<span>\u00a0<\/span><em>Jahrbuchs<\/em><span>\u00a0<\/span>und das Gef\u00fchl, einen konkreten Beitrag zur Sektion zu leisten.<\/p>\n<p>Jede Hilfe f\u00fcr das<span>\u00a0<\/span><em>Jahrbuch<\/em><span>\u00a0<\/span>ist sehr willkommen \u2013 sei es durch das Verfassen eines Artikels \u00fcber eine Veranstaltung, ein Fest oder einen Sch\u00fcleraustausch, das Zusenden von Fotos oder die Layout-Gestaltung des Klassenbeitrags (von Ihnen oder Ihren Kindern) am Computer.<\/p>\n<p>Bitte senden Sie mir eine E-Mail an<span>\u00a0<\/span><strong>JahrbuchAPEG@gmail.com<\/strong>. Nur durch Ihre Unterst\u00fctzung wird das<span>\u00a0<\/span><em>Jahrbuch<\/em><span>\u00a0<\/span>jedes Jahr zu einem lebendigen R\u00fcckblick, der zeigt, wie Sie (oder unsere Kinder) im Laufe der Jahre wachsen und die deutsche Kultur im Schulalltag erleben konnten.<\/p>\n<p>[\/et_pb_team_member][\/et_pb_column][\/et_pb_row][et_pb_row _builder_version=&#8220;4.16.1&#8243; _module_preset=&#8220;default&#8220; custom_margin=&#8220;38px|auto||auto||&#8220; global_colors_info=&#8220;{}&#8220;][et_pb_column type=&#8220;4_4&#8243; _builder_version=&#8220;4.16.1&#8243; _module_preset=&#8220;default&#8220; global_colors_info=&#8220;{}&#8220;][et_pb_team_member name=&#8220;Julia M\u00fcller&#8220; position=&#8220;Feste und Veranstaltungen Grundschule&#8220; image_url=&#8220;https:\/\/www.apeg.eu\/wp-content\/uploads\/2022\/04\/Foto-Julia.jpg&#8220; _builder_version=&#8220;4.20.2&#8243; _module_preset=&#8220;default&#8220; body_font=&#8220;||||||||&#8220; body_text_color=&#8220;#474747&#8243; global_colors_info=&#8220;{}&#8220;]<\/p>\n<p><em><strong>Warum bin ich bei der APEG?<\/strong><\/em><\/p>\n<p>Ich bin Deutsche und habe zwei T\u00f6chter, die 2015 und 2018 in Frankreich geboren wurden. Ich m\u00f6chte helfen, ein kreatives, fr\u00f6hliches und multikulturelles Schulleben f\u00fcr meine Kinder zu schaffen.<\/p>\n<p><em><strong>Was bringt mir die APEG?<\/strong><\/em><\/p>\n<p>Die Apeg bietet mir diese M\u00f6glichkeit, meine Kinder in einem zweisprachigen Umfeld aufwachsen zu lassen, aber auch, ihnen die deutschen Traditionen und die deutsche Kultur n\u00e4her zu bringen. Als Mitglied des Vorstands habe ich die M\u00f6glichkeit, aktiv an diesem Austausch zwischen Kindern, Eltern, Familien und Lehrern teilzunehmen.<\/p>\n<p><em><strong>Was trage ich bei?<\/strong><\/em><\/p>\n<p>F\u00fcr die j\u00fcngeren Kinder engagiere ich mich haupts\u00e4chlich in der Grundschule von Haut-Sartoux. Ich stelle den Verein den zuk\u00fcnftigen Eltern der Sch\u00fcler bei den Aufnahmepr\u00fcfungen vor. Ich helfe bei der Organisation von kulturellen Veranstaltungen wie dem Laternenfest und dem Besuch des Weihnachtsmanns.<\/p>\n<p>Ich trage auch zur Erstellung des Jahrbuches bei.<\/p>\n<p><em><strong>Was macht besonders Spass?<\/strong><\/em><\/p>\n<p>Der Austausch mit anderen Familien und die Schaffung von unvergesslichen Momenten f\u00fcr unsere Kinder.<\/p>\n<p>[\/et_pb_team_member][et_pb_team_member position=&#8220;Feste und Veranstaltungen CIV&#8220; _builder_version=&#8220;4.27.4&#8243; _module_preset=&#8220;default&#8220; custom_padding=&#8220;||46px|||&#8220; hover_enabled=&#8220;0&#8243; global_colors_info=&#8220;{}&#8220; sticky_enabled=&#8220;0&#8243; name=&#8220;Maike Le Gall&#8220;][\/et_pb_team_member][et_pb_team_member position=&#8220;Kommunikation&#8220; _builder_version=&#8220;4.27.4&#8243; _module_preset=&#8220;default&#8220; custom_padding=&#8220;||46px|||&#8220; hover_enabled=&#8220;0&#8243; global_colors_info=&#8220;{}&#8220; sticky_enabled=&#8220;0&#8243; name=&#8220;Daniela Ring&#8220;][\/et_pb_team_member][\/et_pb_column][\/et_pb_row][\/et_pb_section][et_pb_section fb_built=&#8220;1&#8243; custom_padding_last_edited=&#8220;on|desktop&#8220; _builder_version=&#8220;4.16&#8243; background_color=&#8220;#ffffff&#8220; background_image=&#8220;https:\/\/www.apeg.eu\/wp-content\/uploads\/2016\/07\/apeg-fond-1.jpg&#8220; custom_padding_tablet=&#8220;50px|0|50px|0&#8243; custom_padding_phone=&#8220;&#8220; transparent_background=&#8220;off&#8220; padding_mobile=&#8220;off&#8220; global_colors_info=&#8220;{}&#8220;][et_pb_row _builder_version=&#8220;4.16&#8243; background_size=&#8220;initial&#8220; background_position=&#8220;top_left&#8220; background_repeat=&#8220;repeat&#8220; global_colors_info=&#8220;{}&#8220;][et_pb_column type=&#8220;4_4&#8243; _builder_version=&#8220;4.16&#8243; custom_padding=&#8220;|||&#8220; global_colors_info=&#8220;{}&#8220; custom_padding__hover=&#8220;|||&#8220;][et_pb_cta title=&#8220;Bei etwaigen Fragen, einfach melden!&#8220; button_url=&#8220;https:\/\/www.apeg.eu\/de\/kontakt\/&#8220; button_text=&#8220;Kontaktieren Sie uns!&#8220; _builder_version=&#8220;4.16&#8243; use_background_color=&#8220;off&#8220; background_size=&#8220;initial&#8220; background_position=&#8220;top_left&#8220; background_repeat=&#8220;repeat&#8220; background_layout=&#8220;light&#8220; use_border_color=&#8220;off&#8220; border_color=&#8220;#ffffff&#8220; border_style=&#8220;solid&#8220; global_colors_info=&#8220;{}&#8220; button_text_size__hover_enabled=&#8220;off&#8220; button_one_text_size__hover_enabled=&#8220;off&#8220; button_two_text_size__hover_enabled=&#8220;off&#8220; button_text_color__hover_enabled=&#8220;off&#8220; button_one_text_color__hover_enabled=&#8220;off&#8220; button_two_text_color__hover_enabled=&#8220;off&#8220; button_border_width__hover_enabled=&#8220;off&#8220; button_one_border_width__hover_enabled=&#8220;off&#8220; button_two_border_width__hover_enabled=&#8220;off&#8220; button_border_color__hover_enabled=&#8220;off&#8220; button_one_border_color__hover_enabled=&#8220;off&#8220; button_two_border_color__hover_enabled=&#8220;off&#8220; button_border_radius__hover_enabled=&#8220;off&#8220; button_one_border_radius__hover_enabled=&#8220;off&#8220; button_two_border_radius__hover_enabled=&#8220;off&#8220; button_letter_spacing__hover_enabled=&#8220;off&#8220; button_one_letter_spacing__hover_enabled=&#8220;off&#8220; button_two_letter_spacing__hover_enabled=&#8220;off&#8220; button_bg_color__hover_enabled=&#8220;off&#8220; button_one_bg_color__hover_enabled=&#8220;off&#8220; button_two_bg_color__hover_enabled=&#8220;off&#8220;]\u00a0[\/et_pb_cta][\/et_pb_column][\/et_pb_row][\/et_pb_section]<\/p>\n","protected":false},"excerpt":{"rendered":"<p>Elternverein der deutschsprachigen AbteilungWarum bin ich bei der APEG? Die Familie meines Vaters hat seit 4 Generationen einen sehr starken Bezug zu den Deutschen und ihrer Kultur. Unsere vier Kinder setzen diese Tradition fort, und ich finde es normal, mich jetzt auch einzubringen, und meinen Beitrag zu leisten an den zahlreichen Aktivit\u00e4ten der APEG und [&hellip;]<\/p>\n","protected":false},"author":2,"featured_media":0,"parent":0,"menu_order":0,"comment_status":"closed","ping_status":"closed","template":"","meta":{"_et_pb_use_builder":"on","_et_pb_old_content":"","_et_gb_content_width":"","footnotes":""},"class_list":["post-633","page","type-page","status-publish","hentry"],"_links":{"self":[{"href":"https:\/\/www.apeg.eu\/de\/wp-json\/wp\/v2\/pages\/633","targetHints":{"allow":["GET"]}}],"collection":[{"href":"https:\/\/www.apeg.eu\/de\/wp-json\/wp\/v2\/pages"}],"about":[{"href":"https:\/\/www.apeg.eu\/de\/wp-json\/wp\/v2\/types\/page"}],"author":[{"embeddable":true,"href":"https:\/\/www.apeg.eu\/de\/wp-json\/wp\/v2\/users\/2"}],"replies":[{"embeddable":true,"href":"https:\/\/www.apeg.eu\/de\/wp-json\/wp\/v2\/comments?post=633"}],"version-history":[{"count":33,"href":"https:\/\/www.apeg.eu\/de\/wp-json\/wp\/v2\/pages\/633\/revisions"}],"predecessor-version":[{"id":3097,"href":"https:\/\/www.apeg.eu\/de\/wp-json\/wp\/v2\/pages\/633\/revisions\/3097"}],"wp:attachment":[{"href":"https:\/\/www.apeg.eu\/de\/wp-json\/wp\/v2\/media?parent=633"}],"curies":[{"name":"wp","href":"https:\/\/api.w.org\/{rel}","templated":true}]}}