{"id":614,"date":"2016-07-18T11:58:02","date_gmt":"2016-07-18T09:58:02","guid":{"rendered":"http:\/\/www.apeg.eu\/de\/ecole-primaire\/"},"modified":"2024-04-14T15:12:36","modified_gmt":"2024-04-14T13:12:36","slug":"ecole-primaire","status":"publish","type":"page","link":"https:\/\/www.apeg.eu\/de\/ecole-primaire\/","title":{"rendered":"Grundschule"},"content":{"rendered":"<p>[et_pb_section fb_built=&#8220;1&#8243; inner_shadow=&#8220;on&#8220; fullwidth=&#8220;on&#8220; custom_padding_last_edited=&#8220;on|desktop&#8220; admin_label=&#8220;Section&#8220; _builder_version=&#8220;4.16&#8243; background_color=&#8220;#ffffff&#8220; custom_padding_tablet=&#8220;50px|0|50px|0&#8243; custom_padding_phone=&#8220;50px|0|50px|0&#8243; transparent_background=&#8220;off&#8220; padding_mobile=&#8220;off&#8220; make_fullwidth=&#8220;off&#8220; use_custom_width=&#8220;off&#8220; width_unit=&#8220;on&#8220; global_colors_info=&#8220;{}&#8220;][et_pb_fullwidth_slider admin_label=&#8220;Curseur de d\u00e9filement plein \u00e9cran&#8220; _builder_version=&#8220;4.16&#8243; custom_padding=&#8220;||54px|||&#8220; custom_padding_tablet=&#8220;|||&#8220; custom_padding_phone=&#8220;|||&#8220; box_shadow_style=&#8220;preset6&#8243; box_shadow_blur=&#8220;10px&#8220; box_shadow_color=&#8220;rgba(0,0,0,0.1)&#8220; button_letter_spacing_hover=&#8220;0&#8243; remove_inner_shadow=&#8220;off&#8220; hide_content_on_mobile=&#8220;off&#8220; hide_cta_on_mobile=&#8220;off&#8220; show_inner_shadow=&#8220;on&#8220; global_colors_info=&#8220;{}&#8220; button_text_size__hover_enabled=&#8220;off&#8220; button_one_text_size__hover_enabled=&#8220;off&#8220; button_two_text_size__hover_enabled=&#8220;off&#8220; button_text_color__hover_enabled=&#8220;off&#8220; button_one_text_color__hover_enabled=&#8220;off&#8220; button_two_text_color__hover_enabled=&#8220;off&#8220; button_border_width__hover_enabled=&#8220;off&#8220; button_one_border_width__hover_enabled=&#8220;off&#8220; button_two_border_width__hover_enabled=&#8220;off&#8220; button_border_color__hover_enabled=&#8220;off&#8220; button_one_border_color__hover_enabled=&#8220;off&#8220; button_two_border_color__hover_enabled=&#8220;off&#8220; button_border_radius__hover_enabled=&#8220;off&#8220; button_one_border_radius__hover_enabled=&#8220;off&#8220; button_two_border_radius__hover_enabled=&#8220;off&#8220; button_letter_spacing__hover_enabled=&#8220;on&#8220; button_letter_spacing__hover=&#8220;0&#8243; button_one_letter_spacing__hover_enabled=&#8220;off&#8220; button_two_letter_spacing__hover_enabled=&#8220;off&#8220; button_bg_color__hover_enabled=&#8220;off&#8220; button_one_bg_color__hover_enabled=&#8220;off&#8220; button_two_bg_color__hover_enabled=&#8220;off&#8220;][et_pb_slide heading=&#8220;Grundschule&#8220; use_bg_overlay=&#8220;off&#8220; use_text_overlay=&#8220;off&#8220; _builder_version=&#8220;4.16&#8243; header_font=&#8220;||||&#8220; body_font=&#8220;||||&#8220; background_color=&#8220;#ffffff&#8220; background_image=&#8220;https:\/\/www.apeg.eu\/wp-content\/uploads\/2016\/07\/apeg-fond-1.jpg&#8220; button_icon_placement=&#8220;right&#8220; button_on_hover=&#8220;on&#8220; background_layout=&#8220;light&#8220; global_colors_info=&#8220;{}&#8220; button_text_size__hover_enabled=&#8220;off&#8220; button_one_text_size__hover_enabled=&#8220;off&#8220; button_two_text_size__hover_enabled=&#8220;off&#8220; button_text_color__hover_enabled=&#8220;off&#8220; button_one_text_color__hover_enabled=&#8220;off&#8220; button_two_text_color__hover_enabled=&#8220;off&#8220; button_border_width__hover_enabled=&#8220;off&#8220; button_one_border_width__hover_enabled=&#8220;off&#8220; button_two_border_width__hover_enabled=&#8220;off&#8220; button_border_color__hover_enabled=&#8220;off&#8220; button_one_border_color__hover_enabled=&#8220;off&#8220; button_two_border_color__hover_enabled=&#8220;off&#8220; button_border_radius__hover_enabled=&#8220;off&#8220; button_one_border_radius__hover_enabled=&#8220;off&#8220; button_two_border_radius__hover_enabled=&#8220;off&#8220; button_letter_spacing__hover_enabled=&#8220;off&#8220; button_one_letter_spacing__hover_enabled=&#8220;off&#8220; button_two_letter_spacing__hover_enabled=&#8220;off&#8220; button_bg_color__hover_enabled=&#8220;off&#8220; button_one_bg_color__hover_enabled=&#8220;off&#8220; button_two_bg_color__hover_enabled=&#8220;off&#8220; sticky_transition=&#8220;on&#8220;]\u00c9cole \u00c9l\u00e9mentaire Sartoux in Valbonne<\/p>\n<p>&nbsp;<\/p>\n<p>&nbsp;<\/p>\n<p>&nbsp;<br \/>\n[\/et_pb_slide][\/et_pb_fullwidth_slider][\/et_pb_section][et_pb_section fb_built=&#8220;1&#8243; admin_label=&#8220;Section&#8220; _builder_version=&#8220;4.16&#8243; custom_padding=&#8220;||5px|||&#8220; global_colors_info=&#8220;{}&#8220;][et_pb_row admin_label=&#8220;Ligne&#8220; _builder_version=&#8220;4.16&#8243; background_size=&#8220;initial&#8220; background_position=&#8220;top_left&#8220; background_repeat=&#8220;repeat&#8220; global_colors_info=&#8220;{}&#8220;][et_pb_column type=&#8220;4_4&#8243; _builder_version=&#8220;4.16&#8243; custom_padding=&#8220;|||&#8220; global_colors_info=&#8220;{}&#8220; custom_padding__hover=&#8220;|||&#8220;][et_pb_text admin_label=&#8220;Texte&#8220; _builder_version=&#8220;4.24.0&#8243; text_font=&#8220;|||||on|||&#8220; header_font=&#8220;|||||on|||&#8220; background_size=&#8220;initial&#8220; background_position=&#8220;top_left&#8220; background_repeat=&#8220;repeat&#8220; use_border_color=&#8220;off&#8220; border_color=&#8220;#ffffff&#8220; border_style=&#8220;solid&#8220; global_colors_info=&#8220;{}&#8220;]<\/p>\n<h2 style=\"text-align: center;\"><span style=\"color: #3366ff;\"><strong>Die Deutsche Abteilung der Grundschule Sartoux in Valbonne, Sophia Antipolis<\/strong><\/span><\/h2>\n<p>[\/et_pb_text][\/et_pb_column][\/et_pb_row][et_pb_row _builder_version=&#8220;4.24.3&#8243; _module_preset=&#8220;default&#8220; column_structure=&#8220;1_2,1_2&#8243; custom_margin=&#8220;|auto|-56px|auto||&#8220;][et_pb_column _builder_version=&#8220;4.24.3&#8243; _module_preset=&#8220;default&#8220; type=&#8220;1_2&#8243;][et_pb_text _builder_version=&#8220;4.24.3&#8243; _module_preset=&#8220;default&#8220; hover_enabled=&#8220;0&#8243; sticky_enabled=&#8220;0&#8243;]<\/p>\n<h4 style=\"text-align: left;\"><strong>Allgemeines<\/strong><\/h4>\n<p>Bei der Grundschule Sartoux handelt es sich um eine \u00f6ffentliche franz\u00f6sische Schule.<br \/>Die Kinder werden mit sechs Jahren eingeschult (es gilt das Kalenderjahr).<\/p>\n<p>Die franz\u00f6sische Grundschule dauert f\u00fcnf Jahre:<\/p>\n<ol style=\"text-align: left;\">\n<li>Cours Primaire (CP)\u00a0 &#8211; entspricht der deutschen 1. Klasse<\/li>\n<li>Cours El\u00e9mentaire 1 (CE1) &#8211; 2. Klasse<\/li>\n<li>Cours El\u00e9mentaire 2 (CE2) &#8211; 3. Klasse<\/li>\n<li>Cours Moyen 1 (CM1) &#8211; 4. Klasse<\/li>\n<li>Cours Moyen 2 (CM2)- 5. Klasse<\/li>\n<\/ol>\n<p style=\"text-align: left;\">Wie bei allen franz\u00f6sischen Schulen ist der Unterricht auf den ganzen Tag verteilt (Unterrichtszeiten: Mo, Di, Do + Fr von 8.20 bis 11.30 Uhr und von 13.30 bis 15.30 Uhr; Mi von 8.20 bis 11.40 Uhr).<\/p>\n<p>Die Kinder haben die M\u00f6glichkeit, das Mittagessen in der Schulkantine einzunehmen.<\/p>\n<h4 style=\"text-align: left;\"><strong><img loading=\"lazy\" decoding=\"async\" class=\"size-full wp-image-264 alignright\" src=\"https:\/\/www.apeg.eu\/wp-content\/uploads\/2016\/07\/Ecole-Sartoux-1.jpg\" alt=\"ecole-sartoux\" width=\"283\" height=\"213\" \/><\/strong><\/h4>\n<p>[\/et_pb_text][\/et_pb_column][et_pb_column _builder_version=&#8220;4.24.3&#8243; _module_preset=&#8220;default&#8220; type=&#8220;1_2&#8243;][et_pb_image src=&#8220;https:\/\/www.apeg.eu\/wp-content\/uploads\/2016\/07\/Ecole-Sartoux-1.jpg&#8220; _builder_version=&#8220;4.24.3&#8243; _module_preset=&#8220;default&#8220; title_text=&#8220;ecole-sartoux&#8220; hover_enabled=&#8220;0&#8243; sticky_enabled=&#8220;0&#8243;][\/et_pb_image][\/et_pb_column][\/et_pb_row][\/et_pb_section][et_pb_section fb_built=&#8220;1&#8243; admin_label=&#8220;Section&#8220; _builder_version=&#8220;4.16&#8243; custom_margin=&#8220;-34px|||||&#8220; global_colors_info=&#8220;{}&#8220;][et_pb_row admin_label=&#8220;Ligne&#8220; _builder_version=&#8220;4.16&#8243; background_size=&#8220;initial&#8220; background_position=&#8220;top_left&#8220; background_repeat=&#8220;repeat&#8220; global_colors_info=&#8220;{}&#8220; custom_margin=&#8220;-14px|auto||auto||&#8220;][et_pb_column type=&#8220;4_4&#8243; _builder_version=&#8220;4.16&#8243; custom_padding=&#8220;|||&#8220; global_colors_info=&#8220;{}&#8220; custom_padding__hover=&#8220;|||&#8220;][et_pb_text admin_label=&#8220;Texte&#8220; _builder_version=&#8220;4.24.3&#8243; background_size=&#8220;initial&#8220; background_position=&#8220;top_left&#8220; background_repeat=&#8220;repeat&#8220; hover_enabled=&#8220;0&#8243; use_border_color=&#8220;off&#8220; border_color=&#8220;#ffffff&#8220; border_style=&#8220;solid&#8220; global_colors_info=&#8220;{}&#8220; sticky_enabled=&#8220;0&#8243;]<\/p>\n<p>Ausserhalb der Unterrichtszeiten wird von der Gemeinde ebenfalls eine Betreuung angeboten: morgens von 7.30 bis 8.10 Uhr, abends von 15.30 bis 18.30 Uhr.<\/p>\n<p>Der Grundschule Sartoux ist ein Kindergarten (Ecole Maternelle) angeschlossen (ab 3 Jahren).<\/p>\n<p>Nach erfolgreichem Abschluss der Grundschule besteht die M\u00f6glichkeit, den Schulbesuch im nebenan gelegenen Centre International de Valbonne (CIV) fortzuf\u00fchren. Dort\u00a0 werden die Sch\u00fcler unter anderem in sechs Internationalen Abteilungen (Deutsch, Englisch, Italienisch, Chinesisch, Spanisch und ab dem Gymnasium\/Oberstufe auch in einer russischen Abteilung) auf das franz\u00f6sische Baccalaur\u00e9at (Abitur) mit internationaler Option (BFI, baccalaur\u00e9at francaise international) vorbereitet.<\/p>\n<p>Sartoux ist eine der wenigen \u00f6ffentlichen Grundschulen in Frankreich, die auch Unterricht in Internationalen Abteilungen anbietet.<\/p>\n<p>&nbsp;<\/p>\n<p>[\/et_pb_text][et_pb_text admin_label=&#8220;Texte&#8220; _builder_version=&#8220;4.24.3&#8243; background_size=&#8220;initial&#8220; background_position=&#8220;top_left&#8220; background_repeat=&#8220;repeat&#8220; custom_margin=&#8220;||3px|||&#8220; hover_enabled=&#8220;0&#8243; use_border_color=&#8220;off&#8220; border_color=&#8220;#ffffff&#8220; border_style=&#8220;solid&#8220; global_colors_info=&#8220;{}&#8220; sticky_enabled=&#8220;0&#8243;]<\/p>\n<h4><strong> Die Deutsche Abteilung der Grundschule Sartoux<\/strong><\/h4>\n<p>Die Deutsche Abteilung besteht seit September 2000. Beim Aufbau hat man sich stark an der Funktionsweise des Lyc\u00e9e International in St.Germain-en-Laye orientiert. Doch kommen die Kinder der deutschen Abteilung durchweg aus der Grundschule Sartoux; es gibt kein Externensystem wie in St. Germain-en-Laye.<\/p>\n<p>Insgesamt geh\u00f6ren ca. 75 Sch\u00fcler der deutschen Abteilung an. Sie sind gleichm\u00e4\u00dfig auf alle Klassenstufen verteilt, so dass sich f\u00fcnf Deutschgruppen mit jeweils ca. 15 Sch\u00fclern bilden.<\/p>\n<p>Die Anzahl der Sch\u00fcler pro Jahrgang ist begrenzt und das Interesse besteht auch \u00fcber deutsch-sprachige Familien hinaus. Daher gibt es Jahre, in denen nicht alle Antr\u00e4ge auf Aufnahme bewilligt werden k\u00f6nnen.<\/p>\n<p>Das B\u00fcrgermeisteramt von Valbonne unterst\u00fctzt die Deutsche Abteilung in vielerlei Hinsicht. So wurden 2010 zwei Klassenr\u00e4ume eigens f\u00fcr den Unterricht der Deutschgruppen angebaut.<\/p>\n<p>Da die Deutschlehrerin eine von der \u201eEducation Nationale\u201c bereitgestellte Lehrkraft ist, wird f\u00fcr den Unterricht in der Deutschen Abteilung kein Schulgeld erhoben. Es steht den Familien frei, sich an der \u201eKlassenkasse\u201c zu beteiligen, mit deren Einnahmen B\u00fccher, Bastelmaterial und Spiele gekauft werden.<\/p>\n<p>&nbsp;<\/p>\n<p style=\"text-align: center;\">[\/et_pb_text][et_pb_text admin_label=&#8220;Texte&#8220; _builder_version=&#8220;4.24.3&#8243; background_size=&#8220;initial&#8220; background_position=&#8220;top_left&#8220; background_repeat=&#8220;repeat&#8220; hover_enabled=&#8220;0&#8243; use_border_color=&#8220;off&#8220; border_color=&#8220;#ffffff&#8220; border_style=&#8220;solid&#8220; global_colors_info=&#8220;{}&#8220; sticky_enabled=&#8220;0&#8243;]<\/p>\n<h4><strong>Aufnahmebedingungen<\/strong><\/h4>\n<p>Eine <span style=\"color: #ff0000;\"><strong><em>zwingende Voraussetzung<\/em><\/strong><\/span> f\u00fcr die Aufnahme in die Deutsche Abteilung der Grundschule Sartoux ist, dass die Familie <span style=\"color: #ff0000;\"><strong><em>im \u201eCASA\u201c<\/em> * wohnhaft<\/strong><\/span> ist oder in einer anderen Gemeinde, mit der eine Ausnahmeregelung besteht. Die entsprechenden Belege m\u00fcssen bei der Einschreibung vorgelegt werden. Der Aufnahmeantrag kann auf der Webseite der Schulbeh\u00f6rde heruntergeladen werden.<\/p>\n<p>Die Kinder werden i.d.R. im April hinsichtlich des Sprachniveaus sowohl in Deutsch und Franz\u00f6sisch getestet. Bitte beachten Sie, dass die Einschreibung weit vor dem Test direkt auf der Internetseite der Acad\u00e9mie Nice notwendig ist. Sie finden n\u00e4here Informationen \u00fcber untenstehenden Link.<\/p>\n<p>Zielgruppe f\u00fcr die Deutsche Abteilung sind binationale Familien, franz\u00f6sische Familien, die l\u00e4nger in Deutschland gelebt haben, sowie deutsche Familien, die f\u00fcr (un)bestimmte Zeit in Frankreich leben.<\/p>\n<p>&nbsp;<\/p>\n<p><span style=\"color: #999999;\"><em><span style=\"color: #ff0000;\"><strong>* CASA<\/strong> <\/span>= \u201eCommunaut\u00e9 d\u2019Agglom\u00e9ration Sophia Antipolis\u201c = Gemeindeverbund Sophia Antipolis; dazu geh\u00f6ren die Gemeinden : Antibes \/ Juan les Pins, Bar sur Loup, Biot, Courmes, Caussols, La Colle sur Loup, Gourdon, Opio, Roquefort les Pins, Le Rouret, St Paul, Tourettes, Valbonne, Vallauris \/ Golfe Juan, Villeneuve Loubet. Nur wenn das jeweilige B\u00fcrgermeisteramt eine Ausnahmeregelung zur \u00dcbernahme der Schulkosten getroffen hat, kann ein Kind in der Grundschule Sartoux eingeschrieben werden.<\/em><\/span>\u00a0<strong><\/strong><\/p>\n<p>&nbsp;<\/p>\n<p>[\/et_pb_text][et_pb_button button_url=&#8220;https:\/\/www.apeg.eu\/de\/einschreibung-in-die-deutsche-abteilung\/?et_fb=1&#038;PageSpeed=off&#8220; url_new_window=&#8220;on&#8220; button_text=&#8220;Details zur Aufnahme in die deutsche Abteilung&#8220; button_alignment=&#8220;center&#8220; _builder_version=&#8220;4.24.0&#8243; _module_preset=&#8220;default&#8220; custom_button=&#8220;on&#8220; button_text_color=&#8220;#FFFFFF&#8220; button_bg_color=&#8220;#E09900&#8243; button_border_radius=&#8220;7px&#8220; global_colors_info=&#8220;{}&#8220;][\/et_pb_button][et_pb_text admin_label=&#8220;Texte&#8220; _builder_version=&#8220;4.24.3&#8243; background_size=&#8220;initial&#8220; background_position=&#8220;top_left&#8220; background_repeat=&#8220;repeat&#8220; custom_padding=&#8220;26px|||||&#8220; hover_enabled=&#8220;0&#8243; use_border_color=&#8220;off&#8220; border_color=&#8220;#ffffff&#8220; border_style=&#8220;solid&#8220; global_colors_info=&#8220;{}&#8220; sticky_enabled=&#8220;0&#8243;]<\/p>\n<h4><strong>Unterrichtskonzept<\/strong><\/h4>\n<p>Die Kinder der Deutschen Abteilung von Sartoux erhalten ca. 4 \u2013 5 1\/2 Wochenstunden Unterricht in deutscher Sprache. Dazu verlassen sie zwei- bis dreimal w\u00f6chentlich ihre franz\u00f6sische Klasse.<\/p>\n<p>Dies verursacht zwar eine Mehrarbeit f\u00fcr die Sch\u00fcler und die franz\u00f6sischen KollegInnen, funktioniert jedoch insofern gut, als eine enge Zusammenarbeit zwischen Deutschlehrerinnen und franz\u00f6sischen KollegInnen stattfindet. Wo immer es m\u00f6glich ist, wird diese Zusammenarbeit gerade auch im p\u00e4dagogischen Bereich ausgedehnt.<\/p>\n<p>Bei der Organisation des Deutschunterrichts dient der baden-w\u00fcrttembergische Lehrplan f\u00fcr die Grundschule als Leitfaden.<\/p>\n<p>Die Kinder der Gruppe 1 lernen auf Deutsch zu lesen und zu schreiben. In den gr\u00f6sseren Gruppen wird dann vorwiegend das Sprechen ge\u00fcbt.<\/p>\n<p>Durch einen f\u00e4cher\u00fcbergreifenden Ansatz finden die Bereiche \u201eMeNuK\u201c (Mensch, Natur und Kultur), sowie Geschichte und Erdkunde ebenfalls regelm\u00e4ssig ihren Platz in der Deutschklasse. Auch wird h\u00e4ufig der Computer als Arbeitsmittel eingesetzt.<\/p>\n<p>In allen Gruppen wird viel Zeit f\u00fcr Singen, Malen, Basteln, usw. verwendet, wobei besonderen Wert auf die Vermittlung von Brauchtum und Traditionen aus den deutschsprachigen L\u00e4ndern gelegt wird.<\/p>\n<p>&nbsp;<\/p>\n<p>[\/et_pb_text][et_pb_button button_url=&#8220;https:\/\/ecole.ac-nice.fr\/valbonne\/elemsartoux\/&#8220; url_new_window=&#8220;on&#8220; button_text=&#8220;Link zur Acad\u00e9mie Nice &#8211; Sartoux allgemein&#8220; button_alignment=&#8220;center&#8220; _builder_version=&#8220;4.24.0&#8243; _module_preset=&#8220;default&#8220; custom_button=&#8220;on&#8220; button_text_color=&#8220;#FFFFFF&#8220; button_bg_color=&#8220;#E09900&#8243; button_border_radius=&#8220;7px&#8220; global_colors_info=&#8220;{}&#8220;][\/et_pb_button][et_pb_button button_url=&#8220;https:\/\/padlet.com\/ecole0061388b\/eepu-les-sartoux-9nm221vpug7u9hdi&#8220; url_new_window=&#8220;on&#8220; button_text=&#8220;Padlet-Seite mit aktuellen Informationen&#8220; button_alignment=&#8220;center&#8220; _builder_version=&#8220;4.24.0&#8243; _module_preset=&#8220;default&#8220; custom_button=&#8220;on&#8220; button_text_color=&#8220;#FFFFFF&#8220; button_bg_color=&#8220;#E06100&#8243; button_border_width=&#8220;2px&#8220; button_border_radius=&#8220;7px&#8220; global_colors_info=&#8220;{}&#8220;][\/et_pb_button][\/et_pb_column][\/et_pb_row][et_pb_row admin_label=&#8220;Ligne&#8220; _builder_version=&#8220;4.16&#8243; background_size=&#8220;initial&#8220; background_position=&#8220;top_left&#8220; background_repeat=&#8220;repeat&#8220; global_colors_info=&#8220;{}&#8220;][et_pb_column type=&#8220;4_4&#8243; _builder_version=&#8220;4.16&#8243; custom_padding=&#8220;|||&#8220; global_colors_info=&#8220;{}&#8220; custom_padding__hover=&#8220;|||&#8220;][et_pb_text admin_label=&#8220;Texte&#8220; _builder_version=&#8220;4.24.3&#8243; background_size=&#8220;initial&#8220; background_position=&#8220;top_left&#8220; background_repeat=&#8220;repeat&#8220; hover_enabled=&#8220;0&#8243; use_border_color=&#8220;off&#8220; border_color=&#8220;#ffffff&#8220; border_style=&#8220;solid&#8220; global_colors_info=&#8220;{}&#8220; sticky_enabled=&#8220;0&#8243;]<\/p>\n<h4 style=\"text-align: left;\"><strong>Allgemeines<img loading=\"lazy\" decoding=\"async\" class=\"size-full wp-image-264 alignright\" src=\"https:\/\/www.apeg.eu\/wp-content\/uploads\/2016\/07\/Ecole-Sartoux-1.jpg\" alt=\"ecole-sartoux\" width=\"283\" height=\"213\" \/><\/strong><\/h4>\n<p>Bei der Grundschule Sartoux handelt es sich um eine \u00f6ffentliche franz\u00f6sische Schule.<br \/>Die Kinder werden mit sechs Jahren eingeschult (es gilt das Kalenderjahr).<\/p>\n<p>Die franz\u00f6sische Grundschule dauert f\u00fcnf Jahre:<\/p>\n<ol style=\"text-align: left;\">\n<li>Cours Primaire (CP)\u00a0 &#8211; entspricht der deutschen 1. Klasse<\/li>\n<li>Cours El\u00e9mentaire 1 (CE1) &#8211; 2. Klasse<\/li>\n<li>Cours El\u00e9mentaire 2 (CE2) &#8211; 3. Klasse<\/li>\n<li>Cours Moyen 1 (CM1) &#8211; 4. Klasse<\/li>\n<li>Cours Moyen 2 (CM2)- 5. Klasse<\/li>\n<\/ol>\n<p style=\"text-align: left;\">Wie bei allen franz\u00f6sischen Schulen ist der Unterricht auf den ganzen Tag verteilt (Unterrichtszeiten: Mo, Di, Do + Fr von 8.20 bis 11.30 Uhr und von 13.30 bis 15.30 Uhr; Mi von 8.20 bis 11.40 Uhr).<\/p>\n<p>Die Kinder haben die M\u00f6glichkeit, das Mittagessen in der Schulkantine einzunehmen.<\/p>\n<p>Ausserhalb der Unterrichtszeiten wird von der Gemeinde ebenfalls eine Betreuung angeboten: morgens von 7.30 bis 8.10 Uhr, abends von 15.30 bis 18.30 Uhr.<\/p>\n<p>Der Grundschule Sartoux ist ein Kindergarten (Ecole Maternelle) angeschlossen (ab 3 Jahren).<\/p>\n<p>Nach erfolgreichem Abschluss der Grundschule besteht die M\u00f6glichkeit, den Schulbesuch im nebenan gelegenen Centre International de Valbonne (CIV) fortzuf\u00fchren. Dort\u00a0 werden die Sch\u00fcler unter anderem in sechs Internationalen Abteilungen (Deutsch, Englisch, Italienisch, Chinesisch, Spanisch und ab dem Gymnasium\/Oberstufe auch in einer russischen Abteilung) auf das franz\u00f6sische Baccalaur\u00e9at (Abitur) mit internationaler Option (BFI, baccalaur\u00e9at francaise international) vorbereitet.<\/p>\n<p>Sartoux ist eine der wenigen \u00f6ffentlichen Grundschulen in Frankreich, die auch Unterricht in Internationalen Abteilungen anbietet.<\/p>\n<p>&nbsp;<\/p>\n<p>[\/et_pb_text][et_pb_text admin_label=&#8220;Texte&#8220; _builder_version=&#8220;4.24.3&#8243; background_size=&#8220;initial&#8220; background_position=&#8220;top_left&#8220; background_repeat=&#8220;repeat&#8220; hover_enabled=&#8220;0&#8243; use_border_color=&#8220;off&#8220; border_color=&#8220;#ffffff&#8220; border_style=&#8220;solid&#8220; global_colors_info=&#8220;{}&#8220; sticky_enabled=&#8220;0&#8243;]<\/p>\n<h4 style=\"text-align: left;\"><strong>Allgemeines<img loading=\"lazy\" decoding=\"async\" class=\"size-full wp-image-264 alignright\" src=\"https:\/\/www.apeg.eu\/wp-content\/uploads\/2016\/07\/Ecole-Sartoux-1.jpg\" alt=\"ecole-sartoux\" width=\"283\" height=\"213\" \/><\/strong><\/h4>\n<p>Bei der Grundschule Sartoux handelt es sich um eine \u00f6ffentliche franz\u00f6sische Schule.<br \/>Die Kinder werden mit sechs Jahren eingeschult (es gilt das Kalenderjahr).<\/p>\n<p>Die franz\u00f6sische Grundschule dauert f\u00fcnf Jahre:<\/p>\n<ol style=\"text-align: left;\">\n<li>Cours Primaire (CP)\u00a0 &#8211; entspricht der deutschen 1. Klasse<\/li>\n<li>Cours El\u00e9mentaire 1 (CE1) &#8211; 2. Klasse<\/li>\n<li>Cours El\u00e9mentaire 2 (CE2) &#8211; 3. Klasse<\/li>\n<li>Cours Moyen 1 (CM1) &#8211; 4. Klasse<\/li>\n<li>Cours Moyen 2 (CM2)- 5. Klasse<\/li>\n<\/ol>\n<p style=\"text-align: left;\">Wie bei allen franz\u00f6sischen Schulen ist der Unterricht auf den ganzen Tag verteilt (Unterrichtszeiten: Mo, Di, Do + Fr von 8.20 bis 11.30 Uhr und von 13.30 bis 15.30 Uhr; Mi von 8.20 bis 11.40 Uhr).<\/p>\n<p>Die Kinder haben die M\u00f6glichkeit, das Mittagessen in der Schulkantine einzunehmen.<\/p>\n<p>Ausserhalb der Unterrichtszeiten wird von der Gemeinde ebenfalls eine Betreuung angeboten: morgens von 7.30 bis 8.10 Uhr, abends von 15.30 bis 18.30 Uhr.<\/p>\n<p>Der Grundschule Sartoux ist ein Kindergarten (Ecole Maternelle) angeschlossen (ab 3 Jahren).<\/p>\n<p>Nach erfolgreichem Abschluss der Grundschule besteht die M\u00f6glichkeit, den Schulbesuch im nebenan gelegenen Centre International de Valbonne (CIV) fortzuf\u00fchren. Dort\u00a0 werden die Sch\u00fcler unter anderem in sechs Internationalen Abteilungen (Deutsch, Englisch, Italienisch, Chinesisch, Spanisch und ab dem Gymnasium\/Oberstufe auch in einer russischen Abteilung) auf das franz\u00f6sische Baccalaur\u00e9at (Abitur) mit internationaler Option (BFI, baccalaur\u00e9at francaise international) vorbereitet.<\/p>\n<p>Sartoux ist eine der wenigen \u00f6ffentlichen Grundschulen in Frankreich, die auch Unterricht in Internationalen Abteilungen anbietet.<\/p>\n<p>&nbsp;<\/p>\n<p>[\/et_pb_text][et_pb_text admin_label=&#8220;Texte&#8220; _builder_version=&#8220;4.24.3&#8243; background_size=&#8220;initial&#8220; background_position=&#8220;top_left&#8220; background_repeat=&#8220;repeat&#8220; custom_margin=&#8220;||3px|||&#8220; hover_enabled=&#8220;0&#8243; use_border_color=&#8220;off&#8220; border_color=&#8220;#ffffff&#8220; border_style=&#8220;solid&#8220; global_colors_info=&#8220;{}&#8220; sticky_enabled=&#8220;0&#8243;]<\/p>\n<h4><strong> Die Deutsche Abteilung der Grundschule Sartoux<\/strong><\/h4>\n<p>Die Deutsche Abteilung besteht seit September 2000. Beim Aufbau hat man sich stark an der Funktionsweise des Lyc\u00e9e International in St.Germain-en-Laye orientiert. Doch kommen die Kinder der deutschen Abteilung durchweg aus der Grundschule Sartoux; es gibt kein Externensystem wie in St. Germain-en-Laye.<\/p>\n<p>Insgesamt geh\u00f6ren ca. 75 Sch\u00fcler der deutschen Abteilung an. Sie sind gleichm\u00e4\u00dfig auf alle Klassenstufen verteilt, so dass sich f\u00fcnf Deutschgruppen mit jeweils ca. 15 Sch\u00fclern bilden.<\/p>\n<p>Die Anzahl der Sch\u00fcler pro Jahrgang ist begrenzt und das Interesse besteht auch \u00fcber deutsch-sprachige Familien hinaus. Daher gibt es Jahre, in denen nicht alle Antr\u00e4ge auf Aufnahme bewilligt werden k\u00f6nnen.<\/p>\n<p>Das B\u00fcrgermeisteramt von Valbonne unterst\u00fctzt die Deutsche Abteilung in vielerlei Hinsicht. So wurden 2010 zwei Klassenr\u00e4ume eigens f\u00fcr den Unterricht der Deutschgruppen angebaut.<\/p>\n<p>Da die Deutschlehrerin eine von der \u201eEducation Nationale\u201c bereitgestellte Lehrkraft ist, wird f\u00fcr den Unterricht in der Deutschen Abteilung kein Schulgeld erhoben. Es steht den Familien frei, sich an der \u201eKlassenkasse\u201c zu beteiligen, mit deren Einnahmen B\u00fccher, Bastelmaterial und Spiele gekauft werden.<\/p>\n<p>&nbsp;<\/p>\n<p style=\"text-align: center;\">[\/et_pb_text][et_pb_text admin_label=&#8220;Texte&#8220; _builder_version=&#8220;4.24.3&#8243; background_size=&#8220;initial&#8220; background_position=&#8220;top_left&#8220; background_repeat=&#8220;repeat&#8220; hover_enabled=&#8220;0&#8243; use_border_color=&#8220;off&#8220; border_color=&#8220;#ffffff&#8220; border_style=&#8220;solid&#8220; global_colors_info=&#8220;{}&#8220; sticky_enabled=&#8220;0&#8243;]<\/p>\n<h4><strong>Aufnahmebedingungen<\/strong><\/h4>\n<p>Eine <span style=\"color: #ff0000;\"><strong><em>zwingende Voraussetzung<\/em><\/strong><\/span> f\u00fcr die Aufnahme in die Deutsche Abteilung der Grundschule Sartoux ist, dass die Familie <span style=\"color: #ff0000;\"><strong><em>im \u201eCASA\u201c<\/em> * wohnhaft<\/strong><\/span> ist oder in einer anderen Gemeinde, mit der eine Ausnahmeregelung besteht. Die entsprechenden Belege m\u00fcssen bei der Einschreibung vorgelegt werden. Der Aufnahmeantrag kann auf der Webseite der Schulbeh\u00f6rde heruntergeladen werden.<\/p>\n<p>Die Kinder werden i.d.R. im April hinsichtlich des Sprachniveaus sowohl in Deutsch und Franz\u00f6sisch getestet. Bitte beachten Sie, dass die Einschreibung weit vor dem Test direkt auf der Internetseite der Acad\u00e9mie Nice notwendig ist. Sie finden n\u00e4here Informationen \u00fcber untenstehenden Link.<\/p>\n<p>Zielgruppe f\u00fcr die Deutsche Abteilung sind binationale Familien, franz\u00f6sische Familien, die l\u00e4nger in Deutschland gelebt haben, sowie deutsche Familien, die f\u00fcr (un)bestimmte Zeit in Frankreich leben.<\/p>\n<p>&nbsp;<\/p>\n<p><span style=\"color: #999999;\"><em><span style=\"color: #ff0000;\"><strong>* CASA<\/strong> <\/span>= \u201eCommunaut\u00e9 d\u2019Agglom\u00e9ration Sophia Antipolis\u201c = Gemeindeverbund Sophia Antipolis; dazu geh\u00f6ren die Gemeinden : Antibes \/ Juan les Pins, Bar sur Loup, Biot, Courmes, Caussols, La Colle sur Loup, Gourdon, Opio, Roquefort les Pins, Le Rouret, St Paul, Tourettes, Valbonne, Vallauris \/ Golfe Juan, Villeneuve Loubet. Nur wenn das jeweilige B\u00fcrgermeisteramt eine Ausnahmeregelung zur \u00dcbernahme der Schulkosten getroffen hat, kann ein Kind in der Grundschule Sartoux eingeschrieben werden.<\/em><\/span>\u00a0<strong><\/strong><\/p>\n<p>&nbsp;<\/p>\n<p>[\/et_pb_text][et_pb_button button_url=&#8220;https:\/\/www.apeg.eu\/de\/einschreibung-in-die-deutsche-abteilung\/?et_fb=1&#038;PageSpeed=off&#8220; url_new_window=&#8220;on&#8220; button_text=&#8220;Details zur Aufnahme in die deutsche Abteilung&#8220; button_alignment=&#8220;center&#8220; _builder_version=&#8220;4.24.0&#8243; _module_preset=&#8220;default&#8220; custom_button=&#8220;on&#8220; button_text_color=&#8220;#FFFFFF&#8220; button_bg_color=&#8220;#E09900&#8243; button_border_radius=&#8220;7px&#8220; global_colors_info=&#8220;{}&#8220;][\/et_pb_button][et_pb_text admin_label=&#8220;Texte&#8220; _builder_version=&#8220;4.24.3&#8243; background_size=&#8220;initial&#8220; background_position=&#8220;top_left&#8220; background_repeat=&#8220;repeat&#8220; custom_padding=&#8220;26px|||||&#8220; hover_enabled=&#8220;0&#8243; use_border_color=&#8220;off&#8220; border_color=&#8220;#ffffff&#8220; border_style=&#8220;solid&#8220; global_colors_info=&#8220;{}&#8220; sticky_enabled=&#8220;0&#8243;]<\/p>\n<h4><strong>Unterrichtskonzept<\/strong><\/h4>\n<p>Die Kinder der Deutschen Abteilung von Sartoux erhalten ca. 4 \u2013 5 1\/2 Wochenstunden Unterricht in deutscher Sprache. Dazu verlassen sie zwei- bis dreimal w\u00f6chentlich ihre franz\u00f6sische Klasse.<\/p>\n<p>Dies verursacht zwar eine Mehrarbeit f\u00fcr die Sch\u00fcler und die franz\u00f6sischen KollegInnen, funktioniert jedoch insofern gut, als eine enge Zusammenarbeit zwischen Deutschlehrerinnen und franz\u00f6sischen KollegInnen stattfindet. Wo immer es m\u00f6glich ist, wird diese Zusammenarbeit gerade auch im p\u00e4dagogischen Bereich ausgedehnt.<\/p>\n<p>Bei der Organisation des Deutschunterrichts dient der baden-w\u00fcrttembergische Lehrplan f\u00fcr die Grundschule als Leitfaden.<\/p>\n<p>Die Kinder der Gruppe 1 lernen auf Deutsch zu lesen und zu schreiben. In den gr\u00f6sseren Gruppen wird dann vorwiegend das Sprechen ge\u00fcbt.<\/p>\n<p>Durch einen f\u00e4cher\u00fcbergreifenden Ansatz finden die Bereiche \u201eMeNuK\u201c (Mensch, Natur und Kultur), sowie Geschichte und Erdkunde ebenfalls regelm\u00e4ssig ihren Platz in der Deutschklasse. Auch wird h\u00e4ufig der Computer als Arbeitsmittel eingesetzt.<\/p>\n<p>In allen Gruppen wird viel Zeit f\u00fcr Singen, Malen, Basteln, usw. verwendet, wobei besonderen Wert auf die Vermittlung von Brauchtum und Traditionen aus den deutschsprachigen L\u00e4ndern gelegt wird.<\/p>\n<p>&nbsp;<\/p>\n<p>[\/et_pb_text][et_pb_button button_url=&#8220;https:\/\/ecole.ac-nice.fr\/valbonne\/elemsartoux\/&#8220; url_new_window=&#8220;on&#8220; button_text=&#8220;Link zur Acad\u00e9mie Nice &#8211; Sartoux allgemein&#8220; button_alignment=&#8220;center&#8220; _builder_version=&#8220;4.24.0&#8243; _module_preset=&#8220;default&#8220; custom_button=&#8220;on&#8220; button_text_color=&#8220;#FFFFFF&#8220; button_bg_color=&#8220;#E09900&#8243; button_border_radius=&#8220;7px&#8220; global_colors_info=&#8220;{}&#8220;][\/et_pb_button][et_pb_button button_url=&#8220;https:\/\/padlet.com\/ecole0061388b\/eepu-les-sartoux-9nm221vpug7u9hdi&#8220; url_new_window=&#8220;on&#8220; button_text=&#8220;Padlet-Seite mit aktuellen Informationen&#8220; button_alignment=&#8220;center&#8220; _builder_version=&#8220;4.24.0&#8243; _module_preset=&#8220;default&#8220; custom_button=&#8220;on&#8220; button_text_color=&#8220;#FFFFFF&#8220; button_bg_color=&#8220;#E06100&#8243; button_border_width=&#8220;2px&#8220; button_border_radius=&#8220;7px&#8220; global_colors_info=&#8220;{}&#8220;][\/et_pb_button][\/et_pb_column][\/et_pb_row][\/et_pb_section][et_pb_section fb_built=&#8220;1&#8243; custom_padding_last_edited=&#8220;on|desktop&#8220; admin_label=&#8220;Section&#8220; _builder_version=&#8220;4.16&#8243; background_color=&#8220;#ffffff&#8220; background_image=&#8220;https:\/\/www.apeg.eu\/wp-content\/uploads\/2016\/07\/apeg-fond-1.jpg&#8220; custom_padding_tablet=&#8220;50px|0|50px|0&#8243; custom_padding_phone=&#8220;50px|0|50px|0&#8243; transparent_background=&#8220;off&#8220; padding_mobile=&#8220;off&#8220; make_fullwidth=&#8220;off&#8220; use_custom_width=&#8220;off&#8220; width_unit=&#8220;on&#8220; global_colors_info=&#8220;{}&#8220;][et_pb_row admin_label=&#8220;Ligne&#8220; _builder_version=&#8220;4.16&#8243; background_size=&#8220;initial&#8220; background_position=&#8220;top_left&#8220; background_repeat=&#8220;repeat&#8220; global_colors_info=&#8220;{}&#8220;][et_pb_column type=&#8220;4_4&#8243; _builder_version=&#8220;4.16&#8243; custom_padding=&#8220;|||&#8220; global_colors_info=&#8220;{}&#8220; custom_padding__hover=&#8220;|||&#8220;][et_pb_cta title=&#8220;Bei etwaigen Fragen, einfach melden!&#8220; button_url=&#8220;https:\/\/www.apeg.eu\/de\/kontakt\/&#8220; button_text=&#8220;Kontaktieren Sie uns!&#8220; admin_label=&#8220;Appel d&#8217;action&#8220; _builder_version=&#8220;4.16&#8243; use_background_color=&#8220;off&#8220; background_size=&#8220;initial&#8220; background_position=&#8220;top_left&#8220; background_repeat=&#8220;repeat&#8220; background_layout=&#8220;light&#8220; use_border_color=&#8220;off&#8220; border_color=&#8220;#ffffff&#8220; border_style=&#8220;solid&#8220; button_letter_spacing_hover=&#8220;0&#8243; global_colors_info=&#8220;{}&#8220; button_text_size__hover_enabled=&#8220;off&#8220; button_one_text_size__hover_enabled=&#8220;off&#8220; button_two_text_size__hover_enabled=&#8220;off&#8220; button_text_color__hover_enabled=&#8220;off&#8220; button_one_text_color__hover_enabled=&#8220;off&#8220; button_two_text_color__hover_enabled=&#8220;off&#8220; button_border_width__hover_enabled=&#8220;off&#8220; button_one_border_width__hover_enabled=&#8220;off&#8220; button_two_border_width__hover_enabled=&#8220;off&#8220; button_border_color__hover_enabled=&#8220;off&#8220; button_one_border_color__hover_enabled=&#8220;off&#8220; button_two_border_color__hover_enabled=&#8220;off&#8220; button_border_radius__hover_enabled=&#8220;off&#8220; button_one_border_radius__hover_enabled=&#8220;off&#8220; button_two_border_radius__hover_enabled=&#8220;off&#8220; button_letter_spacing__hover_enabled=&#8220;on&#8220; button_letter_spacing__hover=&#8220;0&#8243; button_one_letter_spacing__hover_enabled=&#8220;off&#8220; button_two_letter_spacing__hover_enabled=&#8220;off&#8220; button_bg_color__hover_enabled=&#8220;off&#8220; button_one_bg_color__hover_enabled=&#8220;off&#8220; button_two_bg_color__hover_enabled=&#8220;off&#8220;] [\/et_pb_cta][\/et_pb_column][\/et_pb_row][\/et_pb_section]<\/p>\n","protected":false},"excerpt":{"rendered":"<p>\u00c9cole \u00c9l\u00e9mentaire Sartoux in Valbonne &nbsp; &nbsp; &nbsp; Die Deutsche Abteilung der Grundschule Sartoux in Valbonne, Sophia AntipolisAllgemeines Bei der Grundschule Sartoux handelt es sich um eine \u00f6ffentliche franz\u00f6sische Schule.Die Kinder werden mit sechs Jahren eingeschult (es gilt das Kalenderjahr). Die franz\u00f6sische Grundschule dauert f\u00fcnf Jahre: Cours Primaire (CP)\u00a0 &#8211; entspricht der deutschen 1. Klasse [&hellip;]<\/p>\n","protected":false},"author":1,"featured_media":0,"parent":0,"menu_order":0,"comment_status":"closed","ping_status":"closed","template":"","meta":{"_et_pb_use_builder":"on","_et_pb_old_content":"","_et_gb_content_width":"","footnotes":""},"class_list":["post-614","page","type-page","status-publish","hentry"],"_links":{"self":[{"href":"https:\/\/www.apeg.eu\/de\/wp-json\/wp\/v2\/pages\/614","targetHints":{"allow":["GET"]}}],"collection":[{"href":"https:\/\/www.apeg.eu\/de\/wp-json\/wp\/v2\/pages"}],"about":[{"href":"https:\/\/www.apeg.eu\/de\/wp-json\/wp\/v2\/types\/page"}],"author":[{"embeddable":true,"href":"https:\/\/www.apeg.eu\/de\/wp-json\/wp\/v2\/users\/1"}],"replies":[{"embeddable":true,"href":"https:\/\/www.apeg.eu\/de\/wp-json\/wp\/v2\/comments?post=614"}],"version-history":[{"count":16,"href":"https:\/\/www.apeg.eu\/de\/wp-json\/wp\/v2\/pages\/614\/revisions"}],"predecessor-version":[{"id":2975,"href":"https:\/\/www.apeg.eu\/de\/wp-json\/wp\/v2\/pages\/614\/revisions\/2975"}],"wp:attachment":[{"href":"https:\/\/www.apeg.eu\/de\/wp-json\/wp\/v2\/media?parent=614"}],"curies":[{"name":"wp","href":"https:\/\/api.w.org\/{rel}","templated":true}]}}