{"id":2854,"date":"2024-02-08T14:22:01","date_gmt":"2024-02-08T13:22:01","guid":{"rendered":"https:\/\/www.apeg.eu\/?page_id=2854"},"modified":"2024-03-21T14:03:18","modified_gmt":"2024-03-21T13:03:18","slug":"links-adressen-2","status":"publish","type":"page","link":"https:\/\/www.apeg.eu\/de\/links-adressen-2\/","title":{"rendered":"Links &#038; Adressen"},"content":{"rendered":"<p>[et_pb_section fb_built=&#8220;1&#8243; inner_shadow=&#8220;on&#8220; fullwidth=&#8220;on&#8220; custom_padding_last_edited=&#8220;on|desktop&#8220; _builder_version=&#8220;4.16&#8243; background_color=&#8220;#ffffff&#8220; custom_padding_tablet=&#8220;50px|0|50px|0&#8243; custom_padding_phone=&#8220;&#8220; transparent_background=&#8220;off&#8220; padding_mobile=&#8220;off&#8220; make_fullwidth=&#8220;off&#8220; use_custom_width=&#8220;off&#8220; width_unit=&#8220;on&#8220; global_colors_info=&#8220;{}&#8220;][et_pb_fullwidth_slider _builder_version=&#8220;4.24.0&#8243; custom_padding=&#8220;130px||81px|||&#8220; custom_padding_tablet=&#8220;|||&#8220; custom_padding_phone=&#8220;|||&#8220; box_shadow_style=&#8220;preset6&#8243; box_shadow_blur=&#8220;10px&#8220; box_shadow_color=&#8220;rgba(0,0,0,0.1)&#8220; button_letter_spacing_hover=&#8220;0&#8243; remove_inner_shadow=&#8220;off&#8220; hide_content_on_mobile=&#8220;off&#8220; hide_cta_on_mobile=&#8220;off&#8220; show_inner_shadow=&#8220;on&#8220; global_colors_info=&#8220;{}&#8220; button_text_size__hover_enabled=&#8220;off&#8220; button_one_text_size__hover_enabled=&#8220;off&#8220; button_two_text_size__hover_enabled=&#8220;off&#8220; button_text_color__hover_enabled=&#8220;off&#8220; button_one_text_color__hover_enabled=&#8220;off&#8220; button_two_text_color__hover_enabled=&#8220;off&#8220; button_border_width__hover_enabled=&#8220;off&#8220; button_one_border_width__hover_enabled=&#8220;off&#8220; button_two_border_width__hover_enabled=&#8220;off&#8220; button_border_color__hover_enabled=&#8220;off&#8220; button_one_border_color__hover_enabled=&#8220;off&#8220; button_two_border_color__hover_enabled=&#8220;off&#8220; button_border_radius__hover_enabled=&#8220;off&#8220; button_one_border_radius__hover_enabled=&#8220;off&#8220; button_two_border_radius__hover_enabled=&#8220;off&#8220; button_letter_spacing__hover_enabled=&#8220;on&#8220; button_letter_spacing__hover=&#8220;0&#8243; button_one_letter_spacing__hover_enabled=&#8220;off&#8220; button_two_letter_spacing__hover_enabled=&#8220;off&#8220; button_bg_color__hover_enabled=&#8220;off&#8220; button_one_bg_color__hover_enabled=&#8220;off&#8220; button_two_bg_color__hover_enabled=&#8220;off&#8220;][et_pb_slide heading=&#8220;Links &#038; Adressen&#8220; use_bg_overlay=&#8220;off&#8220; use_text_overlay=&#8220;off&#8220; _builder_version=&#8220;4.16&#8243; header_font=&#8220;||||&#8220; body_font=&#8220;||||&#8220; background_color=&#8220;#ffffff&#8220; background_image=&#8220;https:\/\/www.apeg.eu\/wp-content\/uploads\/2016\/07\/apeg-fond-1.jpg&#8220; button_icon_placement=&#8220;right&#8220; button_on_hover=&#8220;on&#8220; background_layout=&#8220;light&#8220; global_colors_info=&#8220;{}&#8220; button_text_size__hover_enabled=&#8220;off&#8220; button_one_text_size__hover_enabled=&#8220;off&#8220; button_two_text_size__hover_enabled=&#8220;off&#8220; button_text_color__hover_enabled=&#8220;off&#8220; button_one_text_color__hover_enabled=&#8220;off&#8220; button_two_text_color__hover_enabled=&#8220;off&#8220; button_border_width__hover_enabled=&#8220;off&#8220; button_one_border_width__hover_enabled=&#8220;off&#8220; button_two_border_width__hover_enabled=&#8220;off&#8220; button_border_color__hover_enabled=&#8220;off&#8220; button_one_border_color__hover_enabled=&#8220;off&#8220; button_two_border_color__hover_enabled=&#8220;off&#8220; button_border_radius__hover_enabled=&#8220;off&#8220; button_one_border_radius__hover_enabled=&#8220;off&#8220; button_two_border_radius__hover_enabled=&#8220;off&#8220; button_letter_spacing__hover_enabled=&#8220;off&#8220; button_one_letter_spacing__hover_enabled=&#8220;off&#8220; button_two_letter_spacing__hover_enabled=&#8220;off&#8220; button_bg_color__hover_enabled=&#8220;off&#8220; button_one_bg_color__hover_enabled=&#8220;off&#8220; button_two_bg_color__hover_enabled=&#8220;off&#8220; sticky_transition=&#8220;on&#8220;]<\/p>\n<p>Elternverein der deutschsprachigen Abteilung<\/p>\n<p>[\/et_pb_slide][\/et_pb_fullwidth_slider][\/et_pb_section][et_pb_section fb_built=&#8220;1&#8243; _builder_version=&#8220;4.16&#8243; global_colors_info=&#8220;{}&#8220;][et_pb_row _builder_version=&#8220;4.24.0&#8243; _module_preset=&#8220;default&#8220; global_colors_info=&#8220;{}&#8220;][et_pb_column type=&#8220;4_4&#8243; _builder_version=&#8220;4.24.0&#8243; _module_preset=&#8220;default&#8220; global_colors_info=&#8220;{}&#8220;][et_pb_text _builder_version=&#8220;4.24.0&#8243; _module_preset=&#8220;default&#8220; global_colors_info=&#8220;{}&#8220;]<\/p>\n<p><span style=\"color: #800000;\"><strong>L<\/strong><strong><span style=\"color: #800000;\">iebe <\/span>Eltern!<\/strong><\/span><\/p>\n<p><span style=\"color: #800000;\"><strong>Auf dieser Seite finden Sie Links und Adressen rund um das Schulleben in Sartoux\/CIV, die f\u00fcr Sie als Eltern oder Ihre Kinder n\u00fctzlich sein k\u00f6nnen.<\/strong><\/span><\/p>\n<p><span style=\"color: #800000;\"><strong>Wenn Sie dar\u00fcber hinaus im Rahmen des deutsch-franz\u00f6sischen Austauschs interessante Organisationen kennen, lassen Sie es uns gerne wissen. Vielleicht sind sie auch f\u00fcr andere Eltern interessant und wir k\u00f6nnen sie hier erg\u00e4nzen.<\/strong><\/span><\/p>\n<p>[\/et_pb_text][\/et_pb_column][\/et_pb_row][et_pb_row column_structure=&#8220;1_2,1_2&#8243; _builder_version=&#8220;4.16&#8243; background_size=&#8220;initial&#8220; background_position=&#8220;top_left&#8220; background_repeat=&#8220;repeat&#8220; global_colors_info=&#8220;{}&#8220;][et_pb_column type=&#8220;1_2&#8243; _builder_version=&#8220;4.16&#8243; custom_padding=&#8220;|||&#8220; global_colors_info=&#8220;{}&#8220; custom_padding__hover=&#8220;|||&#8220;][et_pb_text _builder_version=&#8220;4.24.0&#8243; _module_preset=&#8220;default&#8220; global_colors_info=&#8220;{}&#8220;]<\/p>\n<p><strong>\u00c9cole \u00c9l\u00e9mentaire Sartoux \/ Grundschule Sartoux<br \/><\/strong><\/p>\n<p><a href=\"http:\/\/www.ac-nice.fr\/ia06\/ienvalbonne\/sartoux\/fr\/index.php?lng=fr\" target=\"_blank\" rel=\"noopener\">https:\/\/ecole.ac-nice.fr\/valbonne\/elemsartoux\/<\/a><\/p>\n<p>[\/et_pb_text][\/et_pb_column][et_pb_column type=&#8220;1_2&#8243; _builder_version=&#8220;4.16&#8243; custom_padding=&#8220;|||&#8220; global_colors_info=&#8220;{}&#8220; custom_padding__hover=&#8220;|||&#8220;][et_pb_text _builder_version=&#8220;4.24.0&#8243; _module_preset=&#8220;default&#8220; global_colors_info=&#8220;{}&#8220;]<\/p>\n<p><strong>Centre International de Valbonne<\/strong><\/p>\n<p><a href=\"http:\/\/www.civfrance.com\/\" target=\"_blank\" rel=\"noopener\">http:\/\/www.civfrance.com\/<\/a><\/p>\n<p>[\/et_pb_text][\/et_pb_column][\/et_pb_row][et_pb_row _builder_version=&#8220;4.24.0&#8243; _module_preset=&#8220;default&#8220; global_colors_info=&#8220;{}&#8220;][et_pb_column type=&#8220;4_4&#8243; _builder_version=&#8220;4.24.0&#8243; _module_preset=&#8220;default&#8220; global_colors_info=&#8220;{}&#8220;][et_pb_divider color=&#8220;#6B6B6B&#8220; _builder_version=&#8220;4.24.0&#8243; _module_preset=&#8220;default&#8220; global_colors_info=&#8220;{}&#8220;][\/et_pb_divider][et_pb_text _builder_version=&#8220;4.24.2&#8243; _module_preset=&#8220;default&#8220; hover_enabled=&#8220;0&#8243; global_colors_info=&#8220;{}&#8220; sticky_enabled=&#8220;0&#8243;]<\/p>\n<p><strong>Acad\u00e9mie de Nice<\/strong><\/p>\n<p><span style=\"color: #ff9900;\"><a href=\"https:\/\/www.ac-nice.fr\/\">https:\/\/www.ac-nice.fr\/<\/a><\/span><\/p>\n<p><a href=\"https:\/\/www.pedagogie.ac-nice.fr\/allemand\/\">https:\/\/www.pedagogie.ac-nice.fr\/allemand\/<\/a><\/p>\n<p>[\/et_pb_text][et_pb_divider color=&#8220;#6B6B6B&#8220; _builder_version=&#8220;4.24.0&#8243; _module_preset=&#8220;default&#8220; global_colors_info=&#8220;{}&#8220;][\/et_pb_divider][et_pb_text _builder_version=&#8220;4.24.0&#8243; _module_preset=&#8220;default&#8220; link_option_url_new_window=&#8220;on&#8220; global_colors_info=&#8220;{}&#8220;]<\/p>\n<p><strong>Andere Sektionen und Organisationen am CIV \/ Autres sections et organisations au CIV<br \/><\/strong><\/p>\n<p><span style=\"color: #ff9900;\"><a href=\"https:\/\/www.aseica.org\/index.php\/en\/\" style=\"color: #ff9900;\">https:\/\/www.aseica.org\/index.php\/en\/<\/a><\/span><\/p>\n<p><span style=\"color: #ff9900;\">https:\/\/www.aprodesi.eu\/la-section-italienne<\/span><\/p>\n<p><span style=\"color: #ff9900;\"><a href=\"https:\/\/www.asi-chine.com\/blank-3\" style=\"color: #ff9900;\">https:\/\/www.asi-chine.com\/blank-3<\/a><\/span><\/p>\n<p><span style=\"color: #ff9900;\">https:\/\/www.afr-russe.fr\/spip.php?article655<\/span><\/p>\n<p>[\/et_pb_text][et_pb_divider color=&#8220;#6B6B6B&#8220; _builder_version=&#8220;4.24.0&#8243; _module_preset=&#8220;default&#8220; global_colors_info=&#8220;{}&#8220;][\/et_pb_divider][et_pb_text _builder_version=&#8220;4.24.0&#8243; _module_preset=&#8220;default&#8220; global_colors_info=&#8220;{}&#8220;]<\/p>\n<p><strong>Mobiklasse: <\/strong><\/p>\n<p><strong>Deutsch im Klassenzimmer; ein Projekt zum spielerischen Erlernen der deutschen Sprache und Kennenlernen der deutschen Kultur<br \/><\/strong><\/p>\n<p><em>L&#8217;allemand un jeu d&#8217;enfants : une campagne qui a pour but de sensibiliser des \u00e9l\u00e8ves \u00e0 la langue et \u00e0 la culture allemande en France<\/em><\/p>\n<p><a href=\"http:\/\/mobiklasse.de\" target=\"_blank\" rel=\"noopener\">http:\/\/mobiklasse.de<\/a><\/p>\n<p>[\/et_pb_text][et_pb_divider color=&#8220;#6B6B6B&#8220; _builder_version=&#8220;4.24.0&#8243; _module_preset=&#8220;default&#8220; global_colors_info=&#8220;{}&#8220;][\/et_pb_divider][et_pb_text _builder_version=&#8220;4.24.0&#8243; _module_preset=&#8220;default&#8220; min_height=&#8220;168.8px&#8220; global_colors_info=&#8220;{}&#8220;]<\/p>\n<p><strong>Deutsch-Franz\u00f6sisches Kulturzentrum Nizza \/ <em>Centre Culturel Franco-Allemand de Nice<\/em><\/strong><\/p>\n<p>20 Cit\u00e9 du Parc<br \/>F &#8211; 06300 Nice<\/p>\n<p>T\u00e9l. : +33 (0)4 93 81 48 16<br \/>Web : <a href=\"http:\/\/www.ccfa-nice.fr\" target=\"_blank\" rel=\"noopener\">www.ccfa-nice.fr<\/a>\u00a0<\/p>\n<p><a href=\"http:\/\/mobiklasse.de\" target=\"_blank\" rel=\"noopener\"><\/a><\/p>\n<p>[\/et_pb_text][et_pb_divider color=&#8220;#6B6B6B&#8220; _builder_version=&#8220;4.24.0&#8243; _module_preset=&#8220;default&#8220; global_colors_info=&#8220;{}&#8220;][\/et_pb_divider][et_pb_text _builder_version=&#8220;4.24.0&#8243; _module_preset=&#8220;default&#8220; global_colors_info=&#8220;{}&#8220;]<\/p>\n<p><strong>Deutsch-franz\u00f6sische Hochschule \/ <em>Universit\u00e9 franco-allemande<\/em><\/strong><\/p>\n<p><a href=\"https:\/\/www.dfh-ufa.org\/studium\/uebersicht\/\" target=\"_blank\" rel=\"noopener\">https:\/\/www.dfh-ufa.org\/studium\/uebersicht\/<\/a><\/p>\n<p><a href=\"https:\/\/afa-asso.com\/de\/home\/\" target=\"_blank\" rel=\"noopener\"><\/a><\/p>\n<p><a href=\"http:\/\/mobiklasse.de\" target=\"_blank\" rel=\"noopener\"><\/a><\/p>\n<p>[\/et_pb_text][et_pb_divider color=&#8220;#6B6B6B&#8220; _builder_version=&#8220;4.24.0&#8243; _module_preset=&#8220;default&#8220; global_colors_info=&#8220;{}&#8220;][\/et_pb_divider][et_pb_text _builder_version=&#8220;4.24.0&#8243; _module_preset=&#8220;default&#8220; global_colors_info=&#8220;{}&#8220;]<\/p>\n<p class=\"block__title\"><strong>Das Deutsch-Franz\u00f6sische Jugendwerk (DFJW) \/ <\/strong><em><strong>L\u2019Office franco-allemand pour la Jeunesse (OFAJ)<\/strong><\/em><\/p>\n<p><a href=\"https:\/\/www.ofaj.org\/\" target=\"_blank\" rel=\"noopener\">https:\/\/www.ofaj.org\/<\/a><\/p>\n<p><a href=\"https:\/\/afa-asso.com\/de\/home\/\" target=\"_blank\" rel=\"noopener\"><\/a><\/p>\n<p><a href=\"http:\/\/mobiklasse.de\" target=\"_blank\" rel=\"noopener\"><\/a><\/p>\n<p>[\/et_pb_text][et_pb_divider color=&#8220;#6B6B6B&#8220; _builder_version=&#8220;4.24.0&#8243; _module_preset=&#8220;default&#8220; global_colors_info=&#8220;{}&#8220;][\/et_pb_divider][et_pb_text _builder_version=&#8220;4.24.0&#8243; _module_preset=&#8220;default&#8220; global_colors_info=&#8220;{}&#8220;]<\/p>\n<p><strong>Association France Allemagne C\u00f4te d\u2019Azur<\/strong><\/p>\n<p><a href=\"https:\/\/afa-asso.com\/de\/home\/\" target=\"_blank\" rel=\"noopener\">http:\/\/www.afa-asso.com\/de\/home\/<\/a><\/p>\n<p><a href=\"http:\/\/mobiklasse.de\" target=\"_blank\" rel=\"noopener\"><\/a><\/p>\n<p>[\/et_pb_text][\/et_pb_column][\/et_pb_row][\/et_pb_section][et_pb_section fb_built=&#8220;1&#8243; custom_padding_last_edited=&#8220;on|desktop&#8220; admin_label=&#8220;Section&#8220; _builder_version=&#8220;4.16&#8243; background_color=&#8220;#ffffff&#8220; background_image=&#8220;https:\/\/www.apeg.eu\/wp-content\/uploads\/2016\/07\/apeg-fond-1.jpg&#8220; custom_padding_tablet=&#8220;50px|0|50px|0&#8243; custom_padding_phone=&#8220;&#8220; transparent_background=&#8220;off&#8220; padding_mobile=&#8220;off&#8220; make_fullwidth=&#8220;off&#8220; use_custom_width=&#8220;off&#8220; width_unit=&#8220;on&#8220; global_colors_info=&#8220;{}&#8220;][et_pb_row _builder_version=&#8220;4.16&#8243; background_size=&#8220;initial&#8220; background_position=&#8220;top_left&#8220; background_repeat=&#8220;repeat&#8220; global_colors_info=&#8220;{}&#8220;][et_pb_column type=&#8220;4_4&#8243; _builder_version=&#8220;4.16&#8243; custom_padding=&#8220;|||&#8220; global_colors_info=&#8220;{}&#8220; custom_padding__hover=&#8220;|||&#8220;][et_pb_cta title=&#8220;Haben Sie noch Fragen?&#8220; button_url=&#8220;https:\/\/www.apeg.eu\/contact\/&#8220; button_text=&#8220;Kontaktieren Sie uns&#8220; _builder_version=&#8220;4.24.0&#8243; use_background_color=&#8220;off&#8220; background_size=&#8220;initial&#8220; background_position=&#8220;top_left&#8220; background_repeat=&#8220;repeat&#8220; custom_button=&#8220;on&#8220; button_text_color=&#8220;#FFFFFF&#8220; button_bg_color=&#8220;#E09900&#8243; button_border_radius=&#8220;7px&#8220; background_layout=&#8220;light&#8220; use_border_color=&#8220;off&#8220; border_color=&#8220;#ffffff&#8220; border_style=&#8220;solid&#8220; button_letter_spacing_hover=&#8220;0&#8243; global_colors_info=&#8220;{}&#8220; button_text_size__hover_enabled=&#8220;off&#8220; button_one_text_size__hover_enabled=&#8220;off&#8220; button_two_text_size__hover_enabled=&#8220;off&#8220; button_text_color__hover_enabled=&#8220;off&#8220; button_one_text_color__hover_enabled=&#8220;off&#8220; button_two_text_color__hover_enabled=&#8220;off&#8220; button_border_width__hover_enabled=&#8220;off&#8220; button_one_border_width__hover_enabled=&#8220;off&#8220; button_two_border_width__hover_enabled=&#8220;off&#8220; button_border_color__hover_enabled=&#8220;off&#8220; button_one_border_color__hover_enabled=&#8220;off&#8220; button_two_border_color__hover_enabled=&#8220;off&#8220; button_border_radius__hover_enabled=&#8220;off&#8220; button_one_border_radius__hover_enabled=&#8220;off&#8220; button_two_border_radius__hover_enabled=&#8220;off&#8220; button_letter_spacing__hover_enabled=&#8220;on&#8220; button_letter_spacing__hover=&#8220;0&#8243; button_one_letter_spacing__hover_enabled=&#8220;off&#8220; button_two_letter_spacing__hover_enabled=&#8220;off&#8220; button_bg_color__hover_enabled=&#8220;off&#8220; button_one_bg_color__hover_enabled=&#8220;off&#8220; button_two_bg_color__hover_enabled=&#8220;off&#8220;][\/et_pb_cta][\/et_pb_column][\/et_pb_row][\/et_pb_section]<\/p>\n","protected":false},"excerpt":{"rendered":"<p>Elternverein der deutschsprachigen AbteilungLiebe Eltern! Auf dieser Seite finden Sie Links und Adressen rund um das Schulleben in Sartoux\/CIV, die f\u00fcr Sie als Eltern oder Ihre Kinder n\u00fctzlich sein k\u00f6nnen. Wenn Sie dar\u00fcber hinaus im Rahmen des deutsch-franz\u00f6sischen Austauschs interessante Organisationen kennen, lassen Sie es uns gerne wissen. Vielleicht sind sie auch f\u00fcr andere Eltern [&hellip;]<\/p>\n","protected":false},"author":3,"featured_media":0,"parent":0,"menu_order":0,"comment_status":"closed","ping_status":"closed","template":"","meta":{"_et_pb_use_builder":"on","_et_pb_old_content":"","_et_gb_content_width":"","footnotes":""},"class_list":["post-2854","page","type-page","status-publish","hentry"],"_links":{"self":[{"href":"https:\/\/www.apeg.eu\/de\/wp-json\/wp\/v2\/pages\/2854","targetHints":{"allow":["GET"]}}],"collection":[{"href":"https:\/\/www.apeg.eu\/de\/wp-json\/wp\/v2\/pages"}],"about":[{"href":"https:\/\/www.apeg.eu\/de\/wp-json\/wp\/v2\/types\/page"}],"author":[{"embeddable":true,"href":"https:\/\/www.apeg.eu\/de\/wp-json\/wp\/v2\/users\/3"}],"replies":[{"embeddable":true,"href":"https:\/\/www.apeg.eu\/de\/wp-json\/wp\/v2\/comments?post=2854"}],"version-history":[{"count":15,"href":"https:\/\/www.apeg.eu\/de\/wp-json\/wp\/v2\/pages\/2854\/revisions"}],"predecessor-version":[{"id":2965,"href":"https:\/\/www.apeg.eu\/de\/wp-json\/wp\/v2\/pages\/2854\/revisions\/2965"}],"wp:attachment":[{"href":"https:\/\/www.apeg.eu\/de\/wp-json\/wp\/v2\/media?parent=2854"}],"curies":[{"name":"wp","href":"https:\/\/api.w.org\/{rel}","templated":true}]}}